{"id":123,"date":"2019-04-01T14:11:35","date_gmt":"2019-04-01T12:11:35","guid":{"rendered":"http:\/\/arci-hdf.org\/?page_id=123"},"modified":"2021-03-30T14:00:13","modified_gmt":"2021-03-30T12:00:13","slug":"la-serie-reseaux-produite-par-larci-devoile-un-teaser","status":"publish","type":"page","link":"http:\/\/arci-hdf.org\/?page_id=123","title":{"rendered":"2020 &#8211; La s\u00e9rie R\u00e9seaux, produite par l&rsquo;ARCI, est compl\u00e8tement disponible !"},"content":{"rendered":"<h3 style=\"text-align: center;\"><strong>La s\u00e9rie \u00ab\u00a0R\u00e9seaux\u00a0\u00bb<\/strong><\/h3>\n<p>&nbsp;<\/p>\n<p><strong>MAJ du 13\/05\/20<\/strong><\/p>\n<p>Mercredi 13 mai 2020, le dernier \u00e9pisode de la web s\u00e9rie <em>R\u00e9seaux<\/em> a \u00e9t\u00e9 publi\u00e9 sur la cha\u00eene Youtube d\u00e9di\u00e9e au projet. Celui-ci fut r\u00e9alis\u00e9 dans l&rsquo;Aisne, avec des jeunes de la ferme de Monampteuil encadr\u00e9s par l&rsquo;association BZN. Les adolescents du site ont d\u00e9cid\u00e9 de se d\u00e9marquer de la proposition faite par Cin\u00e9Lgue Hauts-de-France, afin de se concentrer sur des probl\u00e9matiques contemporaines telles que l&rsquo;\u00e9galit\u00e9 homme-femme et le racisme.<\/p>\n<p>C&rsquo;est ainsi que s&rsquo;ach\u00e8ve le projet de la web s\u00e9rie <em>R\u00e9seaux<\/em>, financ\u00e9e par la DRAC, avec le soutien de la R\u00e9gion Hauts-de-France. Au total 12 \u00e9pisodes ont \u00e9t\u00e9 r\u00e9alis\u00e9s r\u00e9alis\u00e9s, dont une saison compl\u00e8te de 9 \u00e9pisodes dans le pays de Mormal. Issus d&rsquo;une exp\u00e9rimentation in\u00e9dite en France, ces travaux d&rsquo;ateliers vid\u00e9o ont abouti \u00e0 une r\u00e9alisation globale autour d&rsquo;une proposition de sc\u00e9nario imagin\u00e9e par Cin\u00e9Ligue Hauts-de-France.<\/p>\n<p>Aur\u00e9lie Pat\u00e9, coordinatrice des circuits de l&rsquo;Aisne et de la Somme a affirm\u00e9 lors de l&rsquo;Assembl\u00e9e G\u00e9n\u00e9rale annuelle de l&rsquo;ARCI en avril dernier : \u00ab\u00a0<em>Il y a encore quelques ann\u00e9es, je n&rsquo;aurais jamais pu imaginer initier un tel projet sans l&rsquo;aide de l&rsquo;ARCI. L&rsquo;\u00e9pisode de la mini-s\u00e9rie que nous avons mis en place est une premi\u00e8re pour les jeunes spectateurs du circuit de l&rsquo;Aisne et nous esp\u00e9rons poursuivre ce type d&rsquo;atelier pour d\u00e9velopper encore l&rsquo;\u00e9ducation aux images chez les jeunes des milieux ruraux<\/em>\u00ab\u00a0.<\/p>\n<p>S&rsquo;appuyant sur des rendus relativement diff\u00e9rents, les professionnels des trois circuits de cin\u00e9ma itin\u00e9rant ont pu constater les limites d&rsquo;un tel projet. Comment mettre en place une exp\u00e9rience commune, avec un m\u00eame sc\u00e9nario mais des acteurs, techniciens, r\u00e9alisateurs et encadrants diff\u00e9rents, sur des territoires \u00e9loign\u00e9s ayant leurs propres sp\u00e9cificit\u00e9s ? Ces premi\u00e8res r\u00e9alisations ont cependant permis un \u00e9tat des lieux des contrastes existant dans les moyens techniques et humains de chaque structure, gr\u00e2ce \u00e0 une exp\u00e9rimentation concr\u00e8te sur mesure, adapt\u00e9e aux comp\u00e9tences des circuits de cin\u00e9ma itin\u00e9rant.<\/p>\n<p>Retrouvez la webs\u00e9rie R\u00e9seaux <a href=\"https:\/\/www.youtube.com\/channel\/UC7daJWtY5YFtRqG3Uhv55Rw?view_as=subscriber\">ici<\/a> !<\/p>\n<p><strong>MAJ du 08\/04\/20<\/strong><\/p>\n<p>Tenez-vous pr\u00eats ! La web-s\u00e9rie <em>R\u00e9seaux<\/em>\u00a0produite par l&rsquo;Association R\u00e9gionale des Cin\u00e9mas Itin\u00e9rants des Hauts-de-France va d\u00e9voiler ces premiers \u00e9pisodes le lundi 27 avril 2020. La s\u00e9rie comporte trois parties distinctes tourn\u00e9s dans les diff\u00e9rents d\u00e9partements de la R\u00e9gion. Ce sont les 9 \u00e9pisodes du Nord qui seront mis en lumi\u00e8re en premier lieu.<\/p>\n<p>\u00ab\u00a0\u00e0 un arr\u00eat de bus, situ\u00e9 \u00e0 peu pr\u00e8s au milieu de nulle part, des jeunes attendent, t\u00e9l\u00e9phones portables en mains, lorsque soudain : plus de r\u00e9seau&#8230;\u00a0\u00bb<\/p>\n<p>Restez connect\u00e9s ! Les myst\u00e8re de r\u00e9seaux vous seront bient\u00f4t d\u00e9voil\u00e9s&#8230; En attendant, vous pourrez retrouver le teaser de la webs\u00e9rie d\u00e8s lundi sur la <a href=\"https:\/\/www.youtube.com\/channel\/UC7daJWtY5YFtRqG3Uhv55Rw?view_as=subscriber\">page Youtube de l&rsquo;ARCI<\/a>.<\/p>\n<p>Rappel de la petite histoire de la cr\u00e9ation de la s\u00e9rie&#8230;<\/p>\n<p>En 2019, la Direction R\u00e9gionale des Affaires Culturelles des Hauts-de-France a apport\u00e9 son soutien \u00e0 l&rsquo;ARCI pour plusieurs projets autour de la s\u00e9rie, dont la r\u00e9alisation, avec des jeunes, d&rsquo;une web s\u00e9rie qui se tournerait dans les territoires ruraux couverts par les circuits itin\u00e9rants.<\/p>\n<p>Cin\u00e9Ligue &#8211; circuit du Nord et du Pas-de-Calais &#8211; et l&rsquo;ARCI ont imagin\u00e9 le lancement d&rsquo;une s\u00e9rie avec des jeunes de 12 \u00e0 18 ans, intitul\u00e9e <em>R\u00e9seaux<\/em> : \u00e0 un arr\u00eat de bus, situ\u00e9 \u00e0 peu pr\u00e8s au milieu de nulle part, des jeunes attendent, t\u00e9l\u00e9phones portables en mains, lorsque soudain : plus de r\u00e9seau&#8230;<\/p>\n<p>Sur ce socle narratif lanc\u00e9 par Benjamin Kints, David Grondin &#8211; auteur et r\u00e9alisateur &#8211; et Bruno Follet, ils ont encadr\u00e9 cinq jours de stage propos\u00e9s \u00e0 15 jeunes du territoire de la Communaut\u00e9 de Communes du Pays de Mormal, et travaill\u00e9 \u00e0 l&rsquo;\u00e9criture et \u00e0 la r\u00e9alisation des premiers \u00e9pisodes d&rsquo;une s\u00e9rie dont l&rsquo;id\u00e9e \u00e9tait qu&rsquo;elle puisse \u00eatre reprise ensuite sur d&rsquo;autres lieux, avec d&rsquo;autres jeunes.<\/p>\n<p>Sur une semaine bloqu\u00e9e aux vacances de f\u00e9vrier 2019, trois jours d&rsquo;\u00e9criture et deux jours de tournage devaient permettre de mettre en place la bible d&rsquo;une s\u00e9rie, et de r\u00e9aliser un \u00e9pisode pilote et au moins un ou deux \u00e9pisodes compl\u00e9mentaires. La motivation et les id\u00e9es des jeunes investis ont \u00e9t\u00e9 telles que 5 jours suppl\u00e9mentaires de tournage ont d\u00fb \u00eatre programm\u00e9s entre mars et juillet 2020, permettant finalement le montage de 9 \u00e9pisodes formant une \u00ab saison \u00bb compl\u00e8te de plus de 30 minutes.<\/p>\n<p>Les deux autres circuits de cin\u00e9ma itin\u00e9rant des Hauts-de-France, Cin\u00e9 Rural 60 et la FDMJC 02-80 ont d\u00e9clin\u00e9 la th\u00e9matique et anim\u00e9 chacun un atelier de r\u00e9alisation avec des jeunes. Trois \u00e9pisodes\/courts m\u00e9trages compl\u00e8tent ainsi la s\u00e9rie.<\/p>\n<p>Bienvenus pour cette d\u00e9couverte !!<\/p>\n<p><img loading=\"lazy\" class=\"aligncenter wp-image-719 size-full\" src=\"http:\/\/arci-hdf.org\/wp-content\/uploads\/2020\/04\/RESEAUX-La-s\u00e9rie-Affiche.png\" alt=\"\" width=\"511\" height=\"769\" srcset=\"http:\/\/arci-hdf.org\/wp-content\/uploads\/2020\/04\/RESEAUX-La-s\u00e9rie-Affiche.png 511w, http:\/\/arci-hdf.org\/wp-content\/uploads\/2020\/04\/RESEAUX-La-s\u00e9rie-Affiche-199x300.png 199w\" sizes=\"(max-width: 511px) 100vw, 511px\" \/><\/p>\n<p><strong>MAJ du 17\/02\/20<\/strong><\/p>\n<p>Nous avons le plaisir de vous inviter \u00e0 venir d\u00e9couvrir pour la premi\u00e8re fois, sur grand \u00e9cran, les \u00e9pisodes film\u00e9s du d\u00e9partement du Nord de la web-s\u00e9rie<em> R\u00e9seaux<\/em> r\u00e9alis\u00e9e en 2019, le mercredi 26 f\u00e9vrier \u00e0 17h, au Th\u00e9\u00e2tre des 3 ch\u00eanes de Le Quesnoy ! En pr\u00e9sence des jeunes qui ont particip\u00e9 \u00e0 mener \u00e0 bien ce projet, les publics pourront d\u00e9couvrir les 9 \u00e9pisodes du Nord. Venez nombreux !<\/p>\n<p>Merci \u00e0 tous nos partenaires pour leur soutien qui a permis de mener ce projet \u00e0 bien, et au Quesnoy pour son accueil dans le magnifique \u00e9crin du Th\u00e9\u00e2tre des 3 Ch\u00eanes.<\/p>\n<p><strong>MAJ du 02\/07\/19<\/strong><\/p>\n<p>Les premiers \u00e9pisodes de la s\u00e9rie <em>R\u00e9seaux<\/em>, produite par l&rsquo;ARCI ont \u00e9t\u00e9 d\u00e9voil\u00e9s en avant-premi\u00e8re lundi 1er juillet dernier \u00e0 Br\u00e9teuil, \u00e0 l&rsquo;occasion du festival Cin\u00e9 Rural organis\u00e9 par Cin\u00e9 Rural 60 ! Souvenez-vous, en avril dernier, pendant les vacances de p\u00e2ques, le r\u00e9alisateur David Grondin s&rsquo;est d\u00e9plac\u00e9 jusqu&rsquo;\u00e0 Breteuil pour rencontrer une quinzaine de jeunes avec l&rsquo;envie de cr\u00e9er un \u00e9pisode de la s\u00e9rie r\u00e9seaux, imagin\u00e9e par Bruno Follet, David Grondin et Benjamin Kints. Pour chaque atelier r\u00e9alis\u00e9, ce sont les jeunes qui imaginent, tournent et figurent dans l'(les) \u00e9pisode(s). Ces deux \u00e9pisodes sont les seuls de la s\u00e9rie r\u00e9seaux \u00e0 avoir \u00e9galement b\u00e9n\u00e9fici\u00e9 d&rsquo;un soutien du dispositif Passeurs d&rsquo;images du p\u00f4le image en r\u00e9gion ex-Picardie, l&rsquo;ACAP.<\/p>\n<p>Les diff\u00e9rents \u00e9pisodes r\u00e9alis\u00e9s dans le Nord et l&rsquo;Oise seront bient\u00f4t disponibles sur ce site internet, restez connect\u00e9s !<\/p>\n<p><strong>MAJ du 27\/03\/19<\/strong><\/p>\n<p>Ces deux derniers jours, l&rsquo;ACAP &#8211; P\u00f4le r\u00e9gional Image a propos\u00e9 plusieurs conf\u00e9rences autour des s\u00e9ries dans la salle de cin\u00e9ma de la gare Saint Sauveur de Lille : Exp\u00e9rimenter les territoires culturels de demain : cap sur les s\u00e9ries, dans le cadre des Rencontres Nationales des p\u00f4les d&rsquo;\u00e9ducation aux images pendant le festival\u00a0S\u00e9ries Mania.\u00a0Au programme, une pr\u00e9sentation sur les pratiques des Fran\u00e7ais dans leurs consommations de s\u00e9ries, un retour sur la mutation des territoires d&rsquo;interventions, mais aussi des retours sur les exp\u00e9riences professionnelles des structures culturelles pr\u00e9sentes autour des s\u00e9ries. Pour l&rsquo;occasion, Bruno Follet, co-encadrant\u00a0de la s\u00e9rie\u00a0<em>R\u00e9seau(x)<\/em>\u00a0a pu pr\u00e9senter le projet et diffuser le teaser pour la premi\u00e8re fois.<\/p>\n<p>Pour rappel, la s\u00e9rie\u00a0<em>R\u00e9seau(x)\u00a0<\/em>a \u00e9t\u00e9 con\u00e7ue, \u00e9crite, r\u00e9alis\u00e9e et interpr\u00e9t\u00e9e par 15 jeunes du pays de Mormal et encadr\u00e9e par Bruno Follet et David Grondin sur le territoire du circuit de Cin\u00e9Ligue Hauts-de-France. Elle\u00a0est produite par l&rsquo;Association R\u00e9gionale des Cin\u00e9mas Itin\u00e9rants dans le cadre d&rsquo;un financement exceptionnel de la DRAC dans la r\u00e9alisation de projets autour des s\u00e9ries, en \u00e9cho au festival S\u00e9ries Mania. Les prochains \u00e9pisodes seront tourn\u00e9s dans un autre d\u00e9partement de l&rsquo;ARCI du lundi 15 au jeudi 18 avril : l&rsquo;Oise. Cette mini-s\u00e9rie deviendra une web-s\u00e9rie et sera disponible sur le site de l&rsquo;Association R\u00e9gionale des Cin\u00e9mas Itin\u00e9rants d\u00e8s que possible. Nous ne manquerons pas de vous tenir au courant !<\/p>\n<p>&nbsp;<\/p>\n<div class=\"row rowimage\">\n<div class=\"col-sm-10 col-sm-offset-1 col-xs-12 col-xs-offset-0\">\n<div class=\"col-xs-3\"><img loading=\"lazy\" class=\"img-responsive alignleft\" src=\"https:\/\/www.cineligue-hdf.org\/cineligue\/6\/reseaux_stso1.jpg\" width=\"400\" height=\"261\" \/><img loading=\"lazy\" class=\"img-responsive alignright\" style=\"font-size: 18px;\" src=\"https:\/\/www.cineligue-hdf.org\/cineligue\/6\/reseaux_stso2.jpg\" width=\"400\" height=\"259\" \/><\/div>\n<div class=\"col-xs-3\"><img loading=\"lazy\" class=\"img-responsive aligncenter\" src=\"https:\/\/www.cineligue-hdf.org\/cineligue\/6\/reseaux_stso3.jpg\" width=\"638\" height=\"446\" \/><\/div>\n<div class=\"col-xs-3\"><img loading=\"lazy\" class=\"img-responsive aligncenter\" src=\"https:\/\/www.cineligue-hdf.org\/cineligue\/6\/reseaux_stso4.jpg\" width=\"761\" height=\"402\" \/><\/div>\n<\/div>\n<\/div>\n<p>&nbsp;<\/p>\n<p>Lien du teaser de la s\u00e9rie\u00a0<em>R\u00e9seau(x)<\/em>\u00a0: https:\/\/www.youtube.com\/watch?v=1QvRt_a8ukc&amp;feature=youtu.be<\/p>\n<p>Ce teaser sera \u00e9galement diffus\u00e9 en avant programme d&rsquo;un atelier s\u00e9rie autour des Simpsons, organis\u00e9 par Cin\u00e9Ligue le jeudi 18 avril \u00e0 Rexpo\u00ebde pour l&rsquo;\u00e9v\u00e9nement de cin\u00e9ma itin\u00e9rant jeune public \u00ab\u00a0Les P&rsquo;tites Toiles d&rsquo;Emile\u00a0\u00bb.<\/p>\n","protected":false},"excerpt":{"rendered":"<p>La s\u00e9rie \u00ab\u00a0R\u00e9seaux\u00a0\u00bb &nbsp; MAJ du 13\/05\/20 Mercredi 13 mai 2020, le dernier \u00e9pisode de la web s\u00e9rie R\u00e9seaux a \u00e9t\u00e9 publi\u00e9 sur la cha\u00eene Youtube d\u00e9di\u00e9e au projet. Celui-ci fut r\u00e9alis\u00e9 dans l&rsquo;Aisne, avec des jeunes de la ferme de Monampteuil encadr\u00e9s par l&rsquo;association BZN. Les adolescents du site ont d\u00e9cid\u00e9 de se d\u00e9marquer&hellip; <br \/> <a class=\"button small blue\" href=\"http:\/\/arci-hdf.org\/?page_id=123\">Lire la suite<\/a><\/p>\n","protected":false},"author":1,"featured_media":0,"parent":0,"menu_order":0,"comment_status":"closed","ping_status":"closed","template":"","meta":[],"_links":{"self":[{"href":"http:\/\/arci-hdf.org\/index.php?rest_route=\/wp\/v2\/pages\/123"}],"collection":[{"href":"http:\/\/arci-hdf.org\/index.php?rest_route=\/wp\/v2\/pages"}],"about":[{"href":"http:\/\/arci-hdf.org\/index.php?rest_route=\/wp\/v2\/types\/page"}],"author":[{"embeddable":true,"href":"http:\/\/arci-hdf.org\/index.php?rest_route=\/wp\/v2\/users\/1"}],"replies":[{"embeddable":true,"href":"http:\/\/arci-hdf.org\/index.php?rest_route=%2Fwp%2Fv2%2Fcomments&post=123"}],"version-history":[{"count":14,"href":"http:\/\/arci-hdf.org\/index.php?rest_route=\/wp\/v2\/pages\/123\/revisions"}],"predecessor-version":[{"id":957,"href":"http:\/\/arci-hdf.org\/index.php?rest_route=\/wp\/v2\/pages\/123\/revisions\/957"}],"wp:attachment":[{"href":"http:\/\/arci-hdf.org\/index.php?rest_route=%2Fwp%2Fv2%2Fmedia&parent=123"}],"curies":[{"name":"wp","href":"https:\/\/api.w.org\/{rel}","templated":true}]}}