{"id":363,"date":"2019-05-09T16:44:06","date_gmt":"2019-05-09T14:44:06","guid":{"rendered":"http:\/\/arci-hdf.org\/?page_id=363"},"modified":"2021-03-30T13:59:41","modified_gmt":"2021-03-30T11:59:41","slug":"les-premieres-seances-en-plein-air-2019-sont-programmees","status":"publish","type":"page","link":"http:\/\/arci-hdf.org\/?page_id=363","title":{"rendered":"2019 &#8211; La saison des plein air 2019"},"content":{"rendered":"<h3 style=\"text-align: center;\">La saison des Plein Air 2019 pour les 4 circuits de cin\u00e9ma itin\u00e9rant des Hauts-de-France d\u00e9marre !<\/h3>\n<p>&nbsp;<\/p>\n<p><span style=\"font-family: 'Source Sans Pro', sans-serif; font-size: 18px;\">Retrouvez l&rsquo;ensemble des s\u00e9ances en plein air 2019 de l&rsquo;ARCI\u00a0<\/span><a href=\"http:\/\/arci-hdf.org\/wp-content\/uploads\/2019\/06\/Plaquette-plein-air-ARCI-2019-Version-d\u00e9finitive-Light.pdf\">ici<\/a><\/p>\n<p>Quelques <strong>modifications depuis la production de la plaquette 2019<\/strong> :<\/p>\n<p>&#8211;\u00a0 Le vendredi 7 juin : La s\u00e9ance de <em>La l\u00e9gende de Manolo<\/em> \u00e0 Lille-Euralille <strong>est annul\u00e9e<\/strong>.<\/p>\n<p>&#8211;\u00a0 Le dimanche 7 juillet : La s\u00e9ance de <em>Les Tuche 3<\/em> \u00e0 Wassigny est <strong>d\u00e9cal\u00e9e au dimanche 14 juillet<\/strong>.<\/p>\n<p>&#8211;\u00a0 Le vendredi 12 juillet : La s\u00e9ance de <em>Nerve<\/em> \u00e0 Beauvais est <strong>d\u00e9cal\u00e9e au vendredi 30 ao\u00fbt.<\/strong><\/p>\n<p>&#8211;\u00a0 Le jeudi 18 juillet : Le film de la s\u00e9ance \u00e0 La Frere est <em>Comme des b\u00eates<\/em>.<\/p>\n<p>&#8211;\u00a0 Le samedi 20 juillet : Le film de la s\u00e9ance \u00e0 Houplines est\u00a0<em>Les Gardiens de la galaxie 2.<\/em><\/p>\n<p>&#8211;\u00a0 Le mercredi 24 juillet : La s\u00e9ance de\u00a0La-Haye-Saint-Romain avec\u00a0<em>The Greatest Showman\u00a0<\/em><strong>est annul\u00e9e<\/strong>.<\/p>\n<p>&#8211;\u00a0 Le mercredi 7 ao\u00fbt : <strong>Ajout d&rsquo;une s\u00e9ance<\/strong> \u00e0 La chartreuse de Neuville avec <em>Les temps moderne<\/em><\/p>\n<p>&#8211;\u00a0 Le vendredi 9 ao\u00fbt : Le film de la s\u00e9ance \u00e0 Oignies est <em>Ninja Turtles 2.<\/em><\/p>\n<p>&#8211;\u00a0 Le mercredi 14 ao\u00fbt : Le film de la s\u00e9ance du film \u00e0 M\u00e9ricourt est <em>Last Action Hero<\/em>.<\/p>\n<p>&#8211;\u00a0 Le samedi 17 ao\u00fbt : Le film de la s\u00e9ance \u00e0 Aulnoye-Aymeries est <em>Tout le monde debout<\/em>.<\/p>\n<p>&#8211;\u00a0 Le mardi 20 ao\u00fbt : Le film de la s\u00e9ance \u00e0 Le Quesnoy est <em>Mamma Mia! Here we go again<\/em>.<\/p>\n<p>&#8211;\u00a0 Le mercredi 21 ao\u00fbt : La s\u00e9ance de La-Haye-Saint-Romain avec <em>Les trois brigands<\/em>\u00a0<strong>est annul\u00e9e<\/strong>.<\/p>\n<p>&#8211;\u00a0 Le mercredi 28 ao\u00fbt : <strong>Ajout d&rsquo;une s\u00e9ance<\/strong> \u00e0 Saint-Quentin avec\u00a0<em>La la land<\/em>.<\/p>\n<p>&#8211;\u00a0 Le samedi 14 septembre : Le film de la s\u00e9ance \u00e0 Ruisseauville est\u00a0<em>Le mus\u00e9e des merveilles<\/em>.<\/p>\n<p>&#8211;\u00a0 Le jeudi 3 octobre : <strong>Ajout d&rsquo;une s\u00e9ance<\/strong><\/p>\n<p><strong>MAJ 02\/09\/2019<\/strong><\/p>\n<p>La saison des Plein air se termine tout doucement. Il ne reste que quelques s\u00e9ances dans les circuits de l&rsquo;ARCI ! Retrouvez <em>Moi, moche et m\u00e9chant 3<\/em>, \u00e0 Mazingarbe le <strong>vendredi 6 septembre<\/strong>, <em>Blanche-neige\u00a0et les 7 nains<\/em> \u00e0 Coudekerque-Branche le <strong>samedi 7 septembre<\/strong> et <em>Le mus\u00e9e des merveilles<\/em> \u00e0 Ruisseauville le <strong>samedi 14 septembre<\/strong> !<\/p>\n<p><img loading=\"lazy\" class=\"alignnone wp-image-569 size-medium\" src=\"http:\/\/arci-hdf.org\/wp-content\/uploads\/2019\/09\/Blanche-neige-225x300.jpg\" alt=\"\" width=\"225\" height=\"300\" srcset=\"http:\/\/arci-hdf.org\/wp-content\/uploads\/2019\/09\/Blanche-neige-225x300.jpg 225w, http:\/\/arci-hdf.org\/wp-content\/uploads\/2019\/09\/Blanche-neige.jpg 600w\" sizes=\"(max-width: 225px) 100vw, 225px\" \/> <img loading=\"lazy\" class=\"alignnone wp-image-570 size-medium\" src=\"http:\/\/arci-hdf.org\/wp-content\/uploads\/2019\/09\/Le-mus\u00e9e-des-merveilles-225x300.jpg\" alt=\"\" width=\"225\" height=\"300\" srcset=\"http:\/\/arci-hdf.org\/wp-content\/uploads\/2019\/09\/Le-mus\u00e9e-des-merveilles-225x300.jpg 225w, http:\/\/arci-hdf.org\/wp-content\/uploads\/2019\/09\/Le-mus\u00e9e-des-merveilles-768x1024.jpg 768w, http:\/\/arci-hdf.org\/wp-content\/uploads\/2019\/09\/Le-mus\u00e9e-des-merveilles.jpg 810w\" sizes=\"(max-width: 225px) 100vw, 225px\" \/> <img loading=\"lazy\" class=\"alignnone wp-image-571 size-medium\" src=\"http:\/\/arci-hdf.org\/wp-content\/uploads\/2019\/09\/Moi-moche-et-m\u00e9chant-3-221x300.jpg\" alt=\"\" width=\"221\" height=\"300\" srcset=\"http:\/\/arci-hdf.org\/wp-content\/uploads\/2019\/09\/Moi-moche-et-m\u00e9chant-3-221x300.jpg 221w, http:\/\/arci-hdf.org\/wp-content\/uploads\/2019\/09\/Moi-moche-et-m\u00e9chant-3-768x1042.jpg 768w, http:\/\/arci-hdf.org\/wp-content\/uploads\/2019\/09\/Moi-moche-et-m\u00e9chant-3-755x1024.jpg 755w, http:\/\/arci-hdf.org\/wp-content\/uploads\/2019\/09\/Moi-moche-et-m\u00e9chant-3.jpg 796w\" sizes=\"(max-width: 221px) 100vw, 221px\" \/><\/p>\n<p><strong>MAJ 25\/07\/2019<\/strong><\/p>\n<p>Les s\u00e9ances plein air ont lieu partout ! Sous les fortes chaleurs en journ\u00e9e, rien de tel qu&rsquo;un cin\u00e9ma de nuit en ext\u00e9rieur pour sortir se rafra\u00eechir un peu&#8230; A la Gare Saint-Sauveur de Lille, la s\u00e9ance a fait l&rsquo;unanimit\u00e9 aupr\u00e8s des publics tellement nombreux qu&rsquo;il n&rsquo;y avait pas assez de transats ! A Houplines (Photo 1), <em>Les gardiens de la Galaxie<\/em> ont conquis la commune. Les s\u00e9ances dans l&rsquo;Oise et dans l&rsquo;Aisne continuent \u00e9galement avec <em>alibi.com<\/em> \u00e0 Wingles et <em>Les Tuche 3<\/em> \u00e0 Laon qui se sont aussi parfaitement d\u00e9roul\u00e9s. Au zoo de Lille (Photo 2), hier soir, ce sont les <em>F\u00e9lins<\/em> qui \u00e9taient \u00e0 l&rsquo;honneur pour une s\u00e9ance qui a conquis plus de 240 personnes !<\/p>\n<p><img loading=\"lazy\" class=\"alignnone wp-image-533 size-medium\" src=\"http:\/\/arci-hdf.org\/wp-content\/uploads\/2019\/07\/Cin\u00e9-plein-air-Houplines-\u00a9-Cin\u00e9Ligue-Hdf-4-sur-13-300x199.jpg\" alt=\"\" width=\"300\" height=\"199\" srcset=\"http:\/\/arci-hdf.org\/wp-content\/uploads\/2019\/07\/Cin\u00e9-plein-air-Houplines-\u00a9-Cin\u00e9Ligue-Hdf-4-sur-13-300x199.jpg 300w, http:\/\/arci-hdf.org\/wp-content\/uploads\/2019\/07\/Cin\u00e9-plein-air-Houplines-\u00a9-Cin\u00e9Ligue-Hdf-4-sur-13-768x509.jpg 768w, http:\/\/arci-hdf.org\/wp-content\/uploads\/2019\/07\/Cin\u00e9-plein-air-Houplines-\u00a9-Cin\u00e9Ligue-Hdf-4-sur-13-1024x678.jpg 1024w, http:\/\/arci-hdf.org\/wp-content\/uploads\/2019\/07\/Cin\u00e9-plein-air-Houplines-\u00a9-Cin\u00e9Ligue-Hdf-4-sur-13-1631x1080.jpg 1631w\" sizes=\"(max-width: 300px) 100vw, 300px\" \/>\u00a0<img loading=\"lazy\" class=\"alignnone wp-image-534 size-medium\" src=\"http:\/\/arci-hdf.org\/wp-content\/uploads\/2019\/07\/Zoo-3-300x225.jpg\" alt=\"\" width=\"300\" height=\"225\" srcset=\"http:\/\/arci-hdf.org\/wp-content\/uploads\/2019\/07\/Zoo-3-300x225.jpg 300w, http:\/\/arci-hdf.org\/wp-content\/uploads\/2019\/07\/Zoo-3-768x576.jpg 768w, http:\/\/arci-hdf.org\/wp-content\/uploads\/2019\/07\/Zoo-3-1024x768.jpg 1024w, http:\/\/arci-hdf.org\/wp-content\/uploads\/2019\/07\/Zoo-3-1440x1080.jpg 1440w\" sizes=\"(max-width: 300px) 100vw, 300px\" \/><\/p>\n<p>\u00a9Cin\u00e9Ligue Hauts-de-France<\/p>\n<p><strong>MAJ 15\/07\/2019<\/strong><\/p>\n<p>La semaine derni\u00e8re, plusieurs s\u00e9ances ont eu lieu dans les Hauts-de-France, \u00e0 commencer par le film <em>Dunkerque<\/em> \u00e0 Bomy dans le Pas-de-Calais (Photo 1), mais aussi \u00e0 Maubeuge-Plage avec <em>Beetlejuice<\/em> (Photo 2) ou encore <em>Retour vers le futur<\/em> \u00e0 Lille-Euralille. Le d\u00e9partement de l&rsquo;Aisne proposait <em>La ch&rsquo;tite Famille<\/em> \u00e0 Travecy et <em>Les Tuche 3<\/em> \u00e0 Wassigny ! Dans l&rsquo;Oise, c&rsquo;est le film <em>Jumanji<\/em> qui \u00e9tait \u00e0 l&rsquo;honneur \u00e0 Bailleul-sur-Th\u00e9rain.<\/p>\n<p><img loading=\"lazy\" class=\"alignnone wp-image-503 size-medium\" src=\"http:\/\/arci-hdf.org\/wp-content\/uploads\/2019\/07\/plein-air-2019-Bomy-2-300x199.jpg\" alt=\"\" width=\"300\" height=\"199\" srcset=\"http:\/\/arci-hdf.org\/wp-content\/uploads\/2019\/07\/plein-air-2019-Bomy-2-300x199.jpg 300w, http:\/\/arci-hdf.org\/wp-content\/uploads\/2019\/07\/plein-air-2019-Bomy-2-768x509.jpg 768w, http:\/\/arci-hdf.org\/wp-content\/uploads\/2019\/07\/plein-air-2019-Bomy-2-1024x678.jpg 1024w, http:\/\/arci-hdf.org\/wp-content\/uploads\/2019\/07\/plein-air-2019-Bomy-2-1631x1080.jpg 1631w\" sizes=\"(max-width: 300px) 100vw, 300px\" \/> <img loading=\"lazy\" class=\"alignnone wp-image-504 size-medium\" src=\"http:\/\/arci-hdf.org\/wp-content\/uploads\/2019\/07\/plein-air-Maubeuge-10-300x199.jpg\" alt=\"\" width=\"300\" height=\"199\" srcset=\"http:\/\/arci-hdf.org\/wp-content\/uploads\/2019\/07\/plein-air-Maubeuge-10-300x199.jpg 300w, http:\/\/arci-hdf.org\/wp-content\/uploads\/2019\/07\/plein-air-Maubeuge-10-768x509.jpg 768w, http:\/\/arci-hdf.org\/wp-content\/uploads\/2019\/07\/plein-air-Maubeuge-10-1024x678.jpg 1024w, http:\/\/arci-hdf.org\/wp-content\/uploads\/2019\/07\/plein-air-Maubeuge-10-1631x1080.jpg 1631w\" sizes=\"(max-width: 300px) 100vw, 300px\" \/><\/p>\n<p>\u00a9Cin\u00e9Ligue Hauts-de-France<\/p>\n<p><strong>MAJ 09\/07\/2019<\/strong><\/p>\n<p>Les s\u00e9ances en plein air continuent ! Quelques retours en image des s\u00e9ances \u00e0 Dunkerque avec <em>Les temps modernes<\/em> (Photo 3), \u00e0 Estr\u00e9es avec <em>Wonder<\/em> (Photo 2) et \u00e0 Saint-Pol-Sur-mer avec <em>Dirty dancing <\/em>(Photo 1)\u00a0!<\/p>\n<p><img loading=\"lazy\" class=\"alignnone wp-image-474 size-medium\" src=\"http:\/\/arci-hdf.org\/wp-content\/uploads\/2019\/07\/plein-air-St-Pol-sur-mer-13-300x200.jpg\" alt=\"\" width=\"300\" height=\"200\" srcset=\"http:\/\/arci-hdf.org\/wp-content\/uploads\/2019\/07\/plein-air-St-Pol-sur-mer-13-300x200.jpg 300w, http:\/\/arci-hdf.org\/wp-content\/uploads\/2019\/07\/plein-air-St-Pol-sur-mer-13-768x512.jpg 768w, http:\/\/arci-hdf.org\/wp-content\/uploads\/2019\/07\/plein-air-St-Pol-sur-mer-13-1024x683.jpg 1024w, http:\/\/arci-hdf.org\/wp-content\/uploads\/2019\/07\/plein-air-St-Pol-sur-mer-13-1620x1080.jpg 1620w\" sizes=\"(max-width: 300px) 100vw, 300px\" \/> <img loading=\"lazy\" class=\"alignnone wp-image-473 size-medium\" src=\"http:\/\/arci-hdf.org\/wp-content\/uploads\/2019\/07\/plein-air-Estr\u00e9es-3-300x199.jpg\" alt=\"\" width=\"300\" height=\"199\" srcset=\"http:\/\/arci-hdf.org\/wp-content\/uploads\/2019\/07\/plein-air-Estr\u00e9es-3-300x199.jpg 300w, http:\/\/arci-hdf.org\/wp-content\/uploads\/2019\/07\/plein-air-Estr\u00e9es-3-768x509.jpg 768w, http:\/\/arci-hdf.org\/wp-content\/uploads\/2019\/07\/plein-air-Estr\u00e9es-3-1024x678.jpg 1024w, http:\/\/arci-hdf.org\/wp-content\/uploads\/2019\/07\/plein-air-Estr\u00e9es-3-1631x1080.jpg 1631w\" sizes=\"(max-width: 300px) 100vw, 300px\" \/> <img loading=\"lazy\" class=\"alignnone wp-image-472 size-medium\" src=\"http:\/\/arci-hdf.org\/wp-content\/uploads\/2019\/07\/plein-air-Dunkerque-LAAC-30-300x200.jpg\" alt=\"\" width=\"300\" height=\"200\" srcset=\"http:\/\/arci-hdf.org\/wp-content\/uploads\/2019\/07\/plein-air-Dunkerque-LAAC-30-300x200.jpg 300w, http:\/\/arci-hdf.org\/wp-content\/uploads\/2019\/07\/plein-air-Dunkerque-LAAC-30-768x512.jpg 768w, http:\/\/arci-hdf.org\/wp-content\/uploads\/2019\/07\/plein-air-Dunkerque-LAAC-30-1024x683.jpg 1024w, http:\/\/arci-hdf.org\/wp-content\/uploads\/2019\/07\/plein-air-Dunkerque-LAAC-30-1620x1080.jpg 1620w\" sizes=\"(max-width: 300px) 100vw, 300px\" \/><\/p>\n<p>\u00a9Cin\u00e9Ligue Hauts-de-France<\/p>\n<p><strong>MAJ 24\/06\/2019<\/strong><\/p>\n<p>Les premi\u00e8res s\u00e9ances en Plein air se sont d\u00e9roul\u00e9es le week-end dernier dans trois des cinq d\u00e9partements des Hauts-de-France ! Quelques retours des s\u00e9ances de Cin\u00e9Ligue Hauts-de-France, dans le Nord, \u00e0 Lille, avec\u00a0<em>La la Land\u00a0<\/em>et de la FDMJC02, dans l&rsquo;Aisne, \u00e0 Laon, avec\u00a0<em>Tout le monde debout<\/em> !<\/p>\n<p><img loading=\"lazy\" class=\"alignnone wp-image-458 size-medium\" src=\"http:\/\/arci-hdf.org\/wp-content\/uploads\/2019\/06\/plein-air-euralille-2-1-ok-300x199.jpg\" alt=\"\" width=\"300\" height=\"199\" srcset=\"http:\/\/arci-hdf.org\/wp-content\/uploads\/2019\/06\/plein-air-euralille-2-1-ok-300x199.jpg 300w, http:\/\/arci-hdf.org\/wp-content\/uploads\/2019\/06\/plein-air-euralille-2-1-ok-768x510.jpg 768w, http:\/\/arci-hdf.org\/wp-content\/uploads\/2019\/06\/plein-air-euralille-2-1-ok-1024x680.jpg 1024w, http:\/\/arci-hdf.org\/wp-content\/uploads\/2019\/06\/plein-air-euralille-2-1-ok-1625x1080.jpg 1625w\" sizes=\"(max-width: 300px) 100vw, 300px\" \/> <img loading=\"lazy\" class=\"alignnone wp-image-459 size-medium\" src=\"http:\/\/arci-hdf.org\/wp-content\/uploads\/2019\/06\/plein-air-euralille-28-8-ok-300x199.jpg\" alt=\"\" width=\"300\" height=\"199\" srcset=\"http:\/\/arci-hdf.org\/wp-content\/uploads\/2019\/06\/plein-air-euralille-28-8-ok-300x199.jpg 300w, http:\/\/arci-hdf.org\/wp-content\/uploads\/2019\/06\/plein-air-euralille-28-8-ok-768x510.jpg 768w, http:\/\/arci-hdf.org\/wp-content\/uploads\/2019\/06\/plein-air-euralille-28-8-ok-1024x680.jpg 1024w, http:\/\/arci-hdf.org\/wp-content\/uploads\/2019\/06\/plein-air-euralille-28-8-ok-1625x1080.jpg 1625w\" sizes=\"(max-width: 300px) 100vw, 300px\" \/> <img loading=\"lazy\" class=\"alignnone wp-image-460 size-medium\" src=\"http:\/\/arci-hdf.org\/wp-content\/uploads\/2019\/06\/plein-air-euralille-38-11-ok-300x199.jpg\" alt=\"\" width=\"300\" height=\"199\" srcset=\"http:\/\/arci-hdf.org\/wp-content\/uploads\/2019\/06\/plein-air-euralille-38-11-ok-300x199.jpg 300w, http:\/\/arci-hdf.org\/wp-content\/uploads\/2019\/06\/plein-air-euralille-38-11-ok-768x510.jpg 768w, http:\/\/arci-hdf.org\/wp-content\/uploads\/2019\/06\/plein-air-euralille-38-11-ok-1024x680.jpg 1024w, http:\/\/arci-hdf.org\/wp-content\/uploads\/2019\/06\/plein-air-euralille-38-11-ok-1625x1080.jpg 1625w\" sizes=\"(max-width: 300px) 100vw, 300px\" \/> <img loading=\"lazy\" class=\"alignnone wp-image-461 size-medium\" src=\"http:\/\/arci-hdf.org\/wp-content\/uploads\/2019\/06\/plein-air-euralille-63-15-ok-300x199.jpg\" alt=\"\" width=\"300\" height=\"199\" srcset=\"http:\/\/arci-hdf.org\/wp-content\/uploads\/2019\/06\/plein-air-euralille-63-15-ok-300x199.jpg 300w, http:\/\/arci-hdf.org\/wp-content\/uploads\/2019\/06\/plein-air-euralille-63-15-ok-768x510.jpg 768w, http:\/\/arci-hdf.org\/wp-content\/uploads\/2019\/06\/plein-air-euralille-63-15-ok-1024x680.jpg 1024w, http:\/\/arci-hdf.org\/wp-content\/uploads\/2019\/06\/plein-air-euralille-63-15-ok-1625x1080.jpg 1625w\" sizes=\"(max-width: 300px) 100vw, 300px\" \/> <img loading=\"lazy\" class=\"alignnone wp-image-462 size-medium\" src=\"http:\/\/arci-hdf.org\/wp-content\/uploads\/2019\/06\/plein-air-euralille-118-22-ok-300x199.jpg\" alt=\"\" width=\"300\" height=\"199\" srcset=\"http:\/\/arci-hdf.org\/wp-content\/uploads\/2019\/06\/plein-air-euralille-118-22-ok-300x199.jpg 300w, http:\/\/arci-hdf.org\/wp-content\/uploads\/2019\/06\/plein-air-euralille-118-22-ok-768x510.jpg 768w, http:\/\/arci-hdf.org\/wp-content\/uploads\/2019\/06\/plein-air-euralille-118-22-ok-1024x680.jpg 1024w, http:\/\/arci-hdf.org\/wp-content\/uploads\/2019\/06\/plein-air-euralille-118-22-ok-1625x1080.jpg 1625w\" sizes=\"(max-width: 300px) 100vw, 300px\" \/><img loading=\"lazy\" class=\"alignnone wp-image-466 size-medium\" src=\"http:\/\/arci-hdf.org\/wp-content\/uploads\/2019\/06\/Laon-22-06-300x169.jpg\" alt=\"\" width=\"300\" height=\"169\" srcset=\"http:\/\/arci-hdf.org\/wp-content\/uploads\/2019\/06\/Laon-22-06-300x169.jpg 300w, http:\/\/arci-hdf.org\/wp-content\/uploads\/2019\/06\/Laon-22-06-768x432.jpg 768w, http:\/\/arci-hdf.org\/wp-content\/uploads\/2019\/06\/Laon-22-06-1024x576.jpg 1024w, http:\/\/arci-hdf.org\/wp-content\/uploads\/2019\/06\/Laon-22-06.jpg 1600w\" sizes=\"(max-width: 300px) 100vw, 300px\" \/><\/p>\n<p>\u00a9Cin\u00e9Ligue Hauts-de-France (5 premi\u00e8res photos) et \u00a9FDMJC02 (6\u00e8me photo)<\/p>\n<p><strong>MAJ 17\/05\/2019<\/strong><\/p>\n<p>Le vendredi 7 juin, venez d\u00e9couvrir ou red\u00e9couvrir\u00a0<em>La l\u00e9gende de Manolo<\/em> \u00e0 Lille &#8211; Euralille, dans le Nord ! Ces deux s\u00e9ances auront lieu au m\u00eame moment, le 7 juin, en ext\u00e9rieur, \u00e0 la tomb\u00e9e de la nuit !<\/p>\n<p>Le vendredi 21 juin, \u00e0 l&rsquo;occasion de la f\u00eate de la musique, Lille &#8211; Euralille accueillera le film <em>La la land<\/em>, afin que ses chansons r\u00e9sonnent dans le centre de la m\u00e9tropole !<\/p>\n<p>Le samedi 22 juin, la commune de Chelles dans l&rsquo;Oise proposera le biopic de trois scientifiques avec\u00a0<em>Les figures de l&rsquo;ombre.\u00a0<\/em>Au m\u00eame moment, dans l&rsquo;Aisne, la ville de Laon diffusera le c\u00e9l\u00e8bre\u00a0<em>Tout le monde debout\u00a0<\/em>avec Alexandra Lamy et Franck Dubosc !<\/p>\n<p>Le mois de juin se cl\u00f4turera dans l&rsquo;Oise, \u00e0 Froissy, le 28 juin avec\u00a0<em>Venise n&rsquo;est pas en Italie<\/em> !<\/p>\n<p>Retrouvez l&rsquo;ensemble de la programmation des s\u00e9ances en Plein Air 2019 <a href=\"http:\/\/arci-hdf.org\/wp-content\/uploads\/2019\/06\/Plaquette-plein-air-ARCI-2019-Version-d\u00e9finitive-Light.pdf\">ici<\/a><\/p>\n<p>&nbsp;<\/p>\n<p><img loading=\"lazy\" class=\"alignnone wp-image-385 size-medium\" src=\"http:\/\/arci-hdf.org\/wp-content\/uploads\/2019\/05\/La-l\u00e9gende-de-Manolo-225x300.jpg\" alt=\"\" width=\"225\" height=\"300\" srcset=\"http:\/\/arci-hdf.org\/wp-content\/uploads\/2019\/05\/La-l\u00e9gende-de-Manolo-225x300.jpg 225w, http:\/\/arci-hdf.org\/wp-content\/uploads\/2019\/05\/La-l\u00e9gende-de-Manolo-768x1024.jpg 768w, http:\/\/arci-hdf.org\/wp-content\/uploads\/2019\/05\/La-l\u00e9gende-de-Manolo.jpg 810w\" sizes=\"(max-width: 225px) 100vw, 225px\" \/>\u00a0<img loading=\"lazy\" class=\"alignnone wp-image-386 size-medium\" src=\"http:\/\/arci-hdf.org\/wp-content\/uploads\/2019\/05\/La-la-land-225x300.jpg\" alt=\"\" width=\"225\" height=\"300\" srcset=\"http:\/\/arci-hdf.org\/wp-content\/uploads\/2019\/05\/La-la-land-225x300.jpg 225w, http:\/\/arci-hdf.org\/wp-content\/uploads\/2019\/05\/La-la-land-768x1024.jpg 768w, http:\/\/arci-hdf.org\/wp-content\/uploads\/2019\/05\/La-la-land.jpg 810w\" sizes=\"(max-width: 225px) 100vw, 225px\" \/><img loading=\"lazy\" class=\"alignnone wp-image-387 size-medium\" src=\"http:\/\/arci-hdf.org\/wp-content\/uploads\/2019\/05\/Les-figures-de-lombre-225x300.jpg\" alt=\"\" width=\"225\" height=\"300\" srcset=\"http:\/\/arci-hdf.org\/wp-content\/uploads\/2019\/05\/Les-figures-de-lombre-225x300.jpg 225w, http:\/\/arci-hdf.org\/wp-content\/uploads\/2019\/05\/Les-figures-de-lombre-768x1024.jpg 768w, http:\/\/arci-hdf.org\/wp-content\/uploads\/2019\/05\/Les-figures-de-lombre.jpg 810w\" sizes=\"(max-width: 225px) 100vw, 225px\" \/><img loading=\"lazy\" class=\"alignnone wp-image-397 size-medium\" src=\"http:\/\/arci-hdf.org\/wp-content\/uploads\/2019\/05\/Tout-le-monde-debout-221x300.jpg\" alt=\"\" width=\"221\" height=\"300\" srcset=\"http:\/\/arci-hdf.org\/wp-content\/uploads\/2019\/05\/Tout-le-monde-debout-221x300.jpg 221w, http:\/\/arci-hdf.org\/wp-content\/uploads\/2019\/05\/Tout-le-monde-debout-768x1043.jpg 768w, http:\/\/arci-hdf.org\/wp-content\/uploads\/2019\/05\/Tout-le-monde-debout-754x1024.jpg 754w, http:\/\/arci-hdf.org\/wp-content\/uploads\/2019\/05\/Tout-le-monde-debout.jpg 795w\" sizes=\"(max-width: 221px) 100vw, 221px\" \/><img loading=\"lazy\" class=\"alignnone wp-image-400 size-medium\" src=\"http:\/\/arci-hdf.org\/wp-content\/uploads\/2019\/06\/Venise-nest-pas-en-Italie-221x300.jpg\" alt=\"\" width=\"221\" height=\"300\" srcset=\"http:\/\/arci-hdf.org\/wp-content\/uploads\/2019\/06\/Venise-nest-pas-en-Italie-221x300.jpg 221w, http:\/\/arci-hdf.org\/wp-content\/uploads\/2019\/06\/Venise-nest-pas-en-Italie-768x1043.jpg 768w, http:\/\/arci-hdf.org\/wp-content\/uploads\/2019\/06\/Venise-nest-pas-en-Italie-754x1024.jpg 754w, http:\/\/arci-hdf.org\/wp-content\/uploads\/2019\/06\/Venise-nest-pas-en-Italie.jpg 795w\" sizes=\"(max-width: 221px) 100vw, 221px\" \/><\/p>\n","protected":false},"excerpt":{"rendered":"<p>La saison des Plein Air 2019 pour les 4 circuits de cin\u00e9ma itin\u00e9rant des Hauts-de-France d\u00e9marre ! &nbsp; Retrouvez l&rsquo;ensemble des s\u00e9ances en plein air 2019 de l&rsquo;ARCI\u00a0ici Quelques modifications depuis la production de la plaquette 2019 : &#8211;\u00a0 Le vendredi 7 juin : La s\u00e9ance de La l\u00e9gende de Manolo \u00e0 Lille-Euralille est annul\u00e9e.&hellip; <br \/> <a class=\"button small blue\" href=\"http:\/\/arci-hdf.org\/?page_id=363\">Lire la suite<\/a><\/p>\n","protected":false},"author":1,"featured_media":0,"parent":0,"menu_order":0,"comment_status":"closed","ping_status":"closed","template":"","meta":[],"_links":{"self":[{"href":"http:\/\/arci-hdf.org\/index.php?rest_route=\/wp\/v2\/pages\/363"}],"collection":[{"href":"http:\/\/arci-hdf.org\/index.php?rest_route=\/wp\/v2\/pages"}],"about":[{"href":"http:\/\/arci-hdf.org\/index.php?rest_route=\/wp\/v2\/types\/page"}],"author":[{"embeddable":true,"href":"http:\/\/arci-hdf.org\/index.php?rest_route=\/wp\/v2\/users\/1"}],"replies":[{"embeddable":true,"href":"http:\/\/arci-hdf.org\/index.php?rest_route=%2Fwp%2Fv2%2Fcomments&post=363"}],"version-history":[{"count":31,"href":"http:\/\/arci-hdf.org\/index.php?rest_route=\/wp\/v2\/pages\/363\/revisions"}],"predecessor-version":[{"id":955,"href":"http:\/\/arci-hdf.org\/index.php?rest_route=\/wp\/v2\/pages\/363\/revisions\/955"}],"wp:attachment":[{"href":"http:\/\/arci-hdf.org\/index.php?rest_route=%2Fwp%2Fv2%2Fmedia&parent=363"}],"curies":[{"name":"wp","href":"https:\/\/api.w.org\/{rel}","templated":true}]}}