{"id":440,"date":"2019-06-24T14:55:56","date_gmt":"2019-06-24T12:55:56","guid":{"rendered":"http:\/\/arci-hdf.org\/?page_id=440"},"modified":"2021-03-30T14:02:52","modified_gmt":"2021-03-30T12:02:52","slug":"le-festival-cine-rural-de-lassociation-cine-rural-60-dans-loise-est-de-retour","status":"publish","type":"page","link":"http:\/\/arci-hdf.org\/?page_id=440","title":{"rendered":"2019 &#8211; Le festival Cin\u00e9 Rural de l&rsquo;association Cin\u00e9 Rural 60 dans l&rsquo;Oise est de retour"},"content":{"rendered":"<h3 style=\"text-align: center;\">Le festival Cin\u00e9 Rural de l&rsquo;association Cin\u00e9 Rural 60 dans l&rsquo;Oise est de retour pour une troisi\u00e8me \u00e9dition<\/h3>\n<p>&nbsp;<\/p>\n<p>Cette ann\u00e9e, le festival Cin\u00e9 Rural s&rsquo;est d\u00e9cal\u00e9 \u00e0 la saison estivale dans les communes de <strong><em>Breteuil<\/em><\/strong>, <strong><em>Grandvilliers<\/em><\/strong>, <strong><em>Oro\u00ebr<\/em><\/strong>, <em><strong>Froissy<\/strong><\/em>, <strong><em>Ansauvilliers<\/em><\/strong>, <strong><em>Campeaux<\/em><\/strong>, <strong><em>Vendeuil-Caply<\/em><\/strong>, <strong><em>Catheux<\/em><\/strong> et <strong><em>Dom\u00e9liers<\/em><\/strong>. Le circuit de cin\u00e9ma itin\u00e9rant a tenu \u00e0 pr\u00e9senter un festival digne de ce nom avec un grand nombre d&rsquo;avant-premi\u00e8res avec des films tels que \u00ab\u00a0<strong><em>Yves<\/em><\/strong>\u00a0\u00bb de Beno\u00eet Forgeard, \u00ab\u00a0<strong><em>Toy Story 4<\/em><\/strong>\u00a0\u00bb de Josh Cooley, ou encore \u00ab\u00a0<strong><em>Anna<\/em><\/strong>\u00a0\u00bb de Luc Besson ! De plus, de nombreuses s\u00e9ances seront accompagn\u00e9es de quiz, d&rsquo;ateliers et de d\u00e9bats, gr\u00e2ce \u00e0 des programmes comme \u00ab\u00a0<strong><em>Les crevettes paillet\u00e9es<\/em><\/strong>\u00a0\u00bb de Maxime Govard ou \u00ab\u00a0<strong><em>Monsieur Link<\/em><\/strong>\u00a0\u00bb de Chris Butler !<\/p>\n<p>Le festival Cin\u00e9 Rural accueillera le r\u00e9alisateur Olivier Lallart pour l&rsquo;avant-premi\u00e8re de son court-m\u00e9trage \u00ab\u00a0<strong><em>PD<\/em><\/strong>\u00ab\u00a0, qui traite la question de l&rsquo;homophobie en milieu scolaire.<\/p>\n<p>Mais ce n&rsquo;est pas tout ! Pour cette troisi\u00e8me \u00e9dition, Cin\u00e9 Rural 60 diffusera les premiers \u00e9pisodes de la s\u00e9rie \u00ab\u00a0<strong><em>R\u00e9seaux<\/em><\/strong>\u00a0\u00bb tourn\u00e9s dans les diff\u00e9rents d\u00e9partements des Hauts-de-France, imagin\u00e9s, con\u00e7us, r\u00e9alis\u00e9s et jou\u00e9s par des adolescents des milieux ruraux, encadr\u00e9s par David Grondin et Bruno Follet. Les \u00e9pisodes diffus\u00e9s seront le pilote tourn\u00e9 dans l&rsquo;Avesnois en F\u00e9vrier, ainsi que celui tourn\u00e9 dans l&rsquo;Oise il y a quelques semaines ! Rendez-vous le lundi 1er juillet \u00e0 20h ou le samedi 6 juillet \u00e0 21h pour d\u00e9couvrir les premiers \u00e9pisodes de cette web-s\u00e9rie avant qu&rsquo;ils ne soient sur le net !<\/p>\n<p>Enfin, un atelier autour de la S\u00e9rie <strong><em>Les Simpson<\/em><\/strong>, initi\u00e9 par l&rsquo;ARCI sera mis en place dans le cadre du festival, \u00e0 Bonneuil-les-Eaux !<\/p>\n<p>Toutes les places sont \u00e0 <strong>4 euros<\/strong> (3 euros pour les moins de 16 ans et 2,50 pour les groupes) !<\/p>\n<p>Retrouvez le <strong>programme complet<\/strong> avec l&rsquo;ensemble des dates <strong><a href=\"http:\/\/cinerural60.com\/wp-content\/uploads\/2019\/06\/3%C3%A8me-Festival-Cin%C3%A9-Rural-Programme-officiel.pdf\">ici<\/a><\/strong><\/p>\n<p><img loading=\"lazy\" class=\"alignnone wp-image-444 size-medium\" src=\"http:\/\/arci-hdf.org\/wp-content\/uploads\/2019\/06\/Toy-Story-4-210x300.jpg\" alt=\"\" width=\"210\" height=\"300\" srcset=\"http:\/\/arci-hdf.org\/wp-content\/uploads\/2019\/06\/Toy-Story-4-210x300.jpg 210w, http:\/\/arci-hdf.org\/wp-content\/uploads\/2019\/06\/Toy-Story-4.jpg 560w\" sizes=\"(max-width: 210px) 100vw, 210px\" \/> <img loading=\"lazy\" class=\"alignnone wp-image-445 size-medium\" src=\"http:\/\/arci-hdf.org\/wp-content\/uploads\/2019\/06\/Anna-225x300.jpg\" alt=\"\" width=\"225\" height=\"300\" srcset=\"http:\/\/arci-hdf.org\/wp-content\/uploads\/2019\/06\/Anna-225x300.jpg 225w, http:\/\/arci-hdf.org\/wp-content\/uploads\/2019\/06\/Anna-768x1024.jpg 768w, http:\/\/arci-hdf.org\/wp-content\/uploads\/2019\/06\/Anna.jpg 810w\" sizes=\"(max-width: 225px) 100vw, 225px\" \/><img loading=\"lazy\" class=\"alignnone wp-image-450 size-medium\" src=\"http:\/\/arci-hdf.org\/wp-content\/uploads\/2019\/06\/Yesterday-221x300.jpg\" alt=\"\" width=\"221\" height=\"300\" srcset=\"http:\/\/arci-hdf.org\/wp-content\/uploads\/2019\/06\/Yesterday-221x300.jpg 221w, http:\/\/arci-hdf.org\/wp-content\/uploads\/2019\/06\/Yesterday-768x1041.jpg 768w, http:\/\/arci-hdf.org\/wp-content\/uploads\/2019\/06\/Yesterday-756x1024.jpg 756w, http:\/\/arci-hdf.org\/wp-content\/uploads\/2019\/06\/Yesterday.jpg 797w\" sizes=\"(max-width: 221px) 100vw, 221px\" \/> <img loading=\"lazy\" class=\"alignnone wp-image-451 size-medium\" src=\"http:\/\/arci-hdf.org\/wp-content\/uploads\/2019\/06\/Yves-221x300.jpg\" alt=\"\" width=\"221\" height=\"300\" srcset=\"http:\/\/arci-hdf.org\/wp-content\/uploads\/2019\/06\/Yves-221x300.jpg 221w, http:\/\/arci-hdf.org\/wp-content\/uploads\/2019\/06\/Yves-768x1043.jpg 768w, http:\/\/arci-hdf.org\/wp-content\/uploads\/2019\/06\/Yves-754x1024.jpg 754w, http:\/\/arci-hdf.org\/wp-content\/uploads\/2019\/06\/Yves.jpg 795w\" sizes=\"(max-width: 221px) 100vw, 221px\" \/><\/p>\n<p><img loading=\"lazy\" class=\"alignnone wp-image-452 size-medium\" src=\"http:\/\/arci-hdf.org\/wp-content\/uploads\/2019\/06\/PD-1-300x190.png\" alt=\"\" width=\"300\" height=\"190\" srcset=\"http:\/\/arci-hdf.org\/wp-content\/uploads\/2019\/06\/PD-1-300x190.png 300w, http:\/\/arci-hdf.org\/wp-content\/uploads\/2019\/06\/PD-1.png 711w\" sizes=\"(max-width: 300px) 100vw, 300px\" \/>\u00a0<img loading=\"lazy\" class=\"alignnone wp-image-409 size-medium\" src=\"http:\/\/arci-hdf.org\/wp-content\/uploads\/2019\/06\/Image-Simpson-300x220.jpg\" alt=\"\" width=\"300\" height=\"220\" srcset=\"http:\/\/arci-hdf.org\/wp-content\/uploads\/2019\/06\/Image-Simpson-300x220.jpg 300w, http:\/\/arci-hdf.org\/wp-content\/uploads\/2019\/06\/Image-Simpson.jpg 549w\" sizes=\"(max-width: 300px) 100vw, 300px\" \/><\/p>\n","protected":false},"excerpt":{"rendered":"<p>Le festival Cin\u00e9 Rural de l&rsquo;association Cin\u00e9 Rural 60 dans l&rsquo;Oise est de retour pour une troisi\u00e8me \u00e9dition &nbsp; Cette ann\u00e9e, le festival Cin\u00e9 Rural s&rsquo;est d\u00e9cal\u00e9 \u00e0 la saison estivale dans les communes de Breteuil, Grandvilliers, Oro\u00ebr, Froissy, Ansauvilliers, Campeaux, Vendeuil-Caply, Catheux et Dom\u00e9liers. Le circuit de cin\u00e9ma itin\u00e9rant a tenu \u00e0 pr\u00e9senter un&hellip; <br \/> <a class=\"button small blue\" href=\"http:\/\/arci-hdf.org\/?page_id=440\">Lire la suite<\/a><\/p>\n","protected":false},"author":1,"featured_media":0,"parent":0,"menu_order":0,"comment_status":"closed","ping_status":"closed","template":"","meta":[],"_links":{"self":[{"href":"http:\/\/arci-hdf.org\/index.php?rest_route=\/wp\/v2\/pages\/440"}],"collection":[{"href":"http:\/\/arci-hdf.org\/index.php?rest_route=\/wp\/v2\/pages"}],"about":[{"href":"http:\/\/arci-hdf.org\/index.php?rest_route=\/wp\/v2\/types\/page"}],"author":[{"embeddable":true,"href":"http:\/\/arci-hdf.org\/index.php?rest_route=\/wp\/v2\/users\/1"}],"replies":[{"embeddable":true,"href":"http:\/\/arci-hdf.org\/index.php?rest_route=%2Fwp%2Fv2%2Fcomments&post=440"}],"version-history":[{"count":6,"href":"http:\/\/arci-hdf.org\/index.php?rest_route=\/wp\/v2\/pages\/440\/revisions"}],"predecessor-version":[{"id":962,"href":"http:\/\/arci-hdf.org\/index.php?rest_route=\/wp\/v2\/pages\/440\/revisions\/962"}],"wp:attachment":[{"href":"http:\/\/arci-hdf.org\/index.php?rest_route=%2Fwp%2Fv2%2Fmedia&parent=440"}],"curies":[{"name":"wp","href":"https:\/\/api.w.org\/{rel}","templated":true}]}}