{"id":549,"date":"2019-08-19T15:25:25","date_gmt":"2019-08-19T13:25:25","guid":{"rendered":"http:\/\/arci-hdf.org\/?page_id=549"},"modified":"2020-04-10T16:08:02","modified_gmt":"2020-04-10T14:08:02","slug":"historique-de-levenement-jeune-public-de-cineligue-les-ptites-toiles-demile","status":"publish","type":"page","link":"http:\/\/arci-hdf.org\/?page_id=549","title":{"rendered":"Historique de l&rsquo;\u00e9v\u00e9nement jeune public de Cin\u00e9Ligue \u00ab\u00a0Les P&rsquo;tites Toiles d&rsquo;Emile\u00a0\u00bb"},"content":{"rendered":"<h3 style=\"text-align: center;\">Historique de l&rsquo;\u00e9v\u00e9nement jeune public de Cin\u00e9Ligue \u00ab\u00a0Les P&rsquo;tites Toiles d&rsquo;Emile\u00a0\u00bb<\/h3>\n<p>&nbsp;<\/p>\n<p>Mais quelle est cette \u00ab bestiole poilue \u00bb ? L&rsquo;histoire d&rsquo;Emile pouvait enfin commencer. Des jeux de l&rsquo;oie, des secrets de tournage, des ateliers de d\u00e9couverte, des expositions : toutes les id\u00e9es de l&rsquo;\u00e9quipe \u00e9taient r\u00e9unies dans le but d&rsquo;offrir un \u00e9v\u00e9nement magique. C&rsquo;est alors que le petit personnage proposa des films d&rsquo;histoire comme <em>Le voyage dans la lune<\/em> de Georges M\u00e9li\u00e8s, lui-m\u00eame abord\u00e9 dans Hugo Cabret, pr\u00e9sent\u00e9 dans <strong>la premi\u00e8re \u00e9dition<\/strong> des P&rsquo;tites toiles d&rsquo;Emile. Des films pour les tout petits \u00e9taient aussi \u00e0 l&rsquo;affiche, comme le grand succ\u00e8s <em>Gros pois et petit point<\/em> ou <em>Musique, Maestro !<\/em>. La programmation abordait tous les genres de tous les temps avec 22 projections en seulement une semaine !<\/p>\n<p>Les P&rsquo;tites toiles d&rsquo;Emile commen\u00e7aient tout doucement \u00e0 devenir le rendez-vous de P\u00e2ques des communes du territoire. Pour sur, <strong>la deuxi\u00e8me \u00e9dition<\/strong>\u00a0des P&rsquo;tites toiles d&rsquo;Emile pr\u00e9voit de m\u00e9langer les m\u00eames ingr\u00e9dients pour reprendre le flambeau. L&rsquo;\u00e9quipe de Cin\u00e9Ligue compte jouer sur ses succ\u00e8s en proposant une seconde fois <em>La petite taupe, <\/em>mais cette fois, en cin\u00e9-concert, afin d&rsquo;allier cin\u00e9ma et musique. Le nouvel Emile propose \u00e9galement de revisiter des films dans leur version classique et d&rsquo;appr\u00e9cier leur version remake : c&rsquo;est le cas avec <em>Le magicien d&rsquo;Oz<\/em>. Le c\u00e9l\u00e8bre personnage de Dorothy (interpr\u00e9t\u00e9e par Judy Garland en 1939) \u00e9tait pr\u00e9sente dans la version initiale de Victor Fleming mais aussi plus r\u00e9cemment dans celle de Sam Raimi, en 2013. L&rsquo;une des communes partenaires du projet, Annoeullin, proposait ces deux films, le m\u00eame jour. Toutes ces petites subtilit\u00e9s, l&rsquo;\u00e9quipe de Cin\u00e9Ligue les pr\u00e9pare avec attention et investissement. Comment passer \u00e0 c\u00f4t\u00e9 d&rsquo;une programmation si r\u00e9fl\u00e9chie et travaill\u00e9e ? Mais le petit personnage de Cin\u00e9Ligue \u00e9volue lui aussi&#8230;<\/p>\n<p><strong>La troisi\u00e8me \u00e9dition<\/strong> est lanc\u00e9e pour 14 s\u00e9ances \u00e9tal\u00e9es sur 5 jours. Cette fois, elle aura lieu durant les premi\u00e8res petites vacances de l&rsquo;ann\u00e9e scolaire : la Toussaint. Toujours avec l&rsquo;id\u00e9e de proposer une ouverture culturelle en milieu rural, Emile visite une programmation encore plus \u00e9clectique avec pour exemple, le programme de court-m\u00e9trages <em>La sorci\u00e8re dans les airs<\/em> visant \u00e0 valoriser l&rsquo;acceptation de soi. Du programme art et essai jeune public <em>Le parfum de la carotte<\/em> \u00e0 l&rsquo;\u00e9norme succ\u00e8s <em>Les gardiens de la galaxie<\/em>, l&rsquo;\u00e9quipe de Cin\u00e9Ligue entend diversifier encore plus sa programmation pour plaire \u00e0 tous les jeunes cin\u00e9philes des milieux ruraux. Associ\u00e9 \u00e0 un cin\u00e9-chant\u00e9, des jeux pour les tout petits, des fabrications d&rsquo;affiches et des ateliers de d\u00e9couverte de pixilation, l&rsquo;\u00e9v\u00e9nement s&rsquo;engage \u00e0 offrir une projection comm\u00e9moration 14\/18 avec un grand classique du burlesque <em>Charlot Soldat<\/em>.<\/p>\n<p>Mais en 2015, les chefs de projet vont encore plus loin. Dans leur programmation de <strong>la quatri\u00e8me \u00e9dition<\/strong>, on retrouve des grands classiques, des films de l&rsquo;actualit\u00e9 et des court-m\u00e9trages anim\u00e9s pour les tout petits. De plus, le territoire s\u2019\u00e9largit avec 14 communes partenaires, proposant 31 s\u00e9ances de cin\u00e9ma. Pour la premi\u00e8re fois, Les P&rsquo;tites Toiles d&rsquo;Emile b\u00e9n\u00e9ficieront d&rsquo;un film grand public en avant-premi\u00e8re et pas des moindres, puisqu&rsquo;il s&rsquo;agit de <em>Pan<\/em> de Joe Wright, l&rsquo;adaptation du c\u00e9l\u00e8bre conte de <em>Peter Pan<\/em>. Toujours coh\u00e9rent dans sa programmation, le Emile 2015 propose de nouveau <em>La sorci\u00e8re dans les airs<\/em>, suivie par <em>Mal\u00e9fique<\/em> de Robert Stramberg, afin de construire une journ\u00e9e dans un th\u00e8me initi\u00e9 par le centre de loisirs de la commune de Auchy-les-mines : Les sorci\u00e8res. Les P&rsquo;tites Toiles d&rsquo;Emile cherchent donc \u00e0 s&rsquo;adapter aux besoins, aux th\u00e8mes et aux publics des communes dans lesquelles elles proposent des s\u00e9ances. Le projet est donc construit et imagin\u00e9 chaque ann\u00e9e en parfaite alliance entre projets des communes et actualit\u00e9s du cin\u00e9ma.<\/p>\n<p>Pour <strong>la cinqui\u00e8me \u00e9dition<\/strong>, Les P&rsquo;tites Toiles d&rsquo;Emile prennent un virage notable. Le festival d\u00e9m\u00e9nage et vient s&rsquo;installer dans les Flandres, avec 13 communes partenaires, d\u00fb \u00e0 une subvention exceptionnelle adress\u00e9e par la r\u00e9gion Nord-Pas-de-Calais pour une exp\u00e9rimentation en milieu rural. Pour cette saison, des panoramas classiques, des parcours citoyens, des films grands publics et des productions r\u00e9gionales sont propos\u00e9s dans les 13 communes partenaires. Emile le programmateur part m\u00eame chercher des succ\u00e8s internationaux, inconnus en France. Les c\u00e9l\u00e8bres <em>Pat et Ma<\/em>t sont diffus\u00e9s dans cette cinqui\u00e8me \u00e9dition. Ces petits personnages en p\u00e2te \u00e0 modeler viennent de R\u00e9publique Tch\u00e8que et sont tr\u00e8s connus par les tout petits.<\/p>\n<p><strong>La sixi\u00e8me \u00e9dition<\/strong> poursuit donc ce long chemin de r\u00e9flexion collective dans un projet commun, tel le propos d&rsquo;Agn\u00e8s Varda dans son film <em>Visages Villages<\/em>&#8230;<\/p>\n<p>Gr\u00e2ce au soutien de l&rsquo;ARCI-Hdf, les P&rsquo;tites Toiles d&rsquo;Emile peuvent se d\u00e9velopper et proposer davantage d&rsquo;ateliers parents\/enfants pour les tout petits. Lors de <strong>la septi\u00e8me \u00e9dition<\/strong> de temps fort, un atelier de d\u00e9cryptage de la s\u00e9rie <em>Les\u00a0Simpson<\/em> \u00e0 destination des adolescents a pu \u00eatre test\u00e9 lors de l&rsquo;\u00e9v\u00e9nement et a permis aux diff\u00e9rents circuits du r\u00e9seau de l&rsquo;ARCI de d\u00e9velopper l&rsquo;activit\u00e9 !<\/p>\n<p><img loading=\"lazy\" class=\"alignnone size-thumbnail wp-image-553\" src=\"http:\/\/arci-hdf.org\/wp-content\/uploads\/2019\/08\/02-EMILE-150x150.gif\" alt=\"\" width=\"150\" height=\"150\" \/> <img loading=\"lazy\" class=\"alignnone size-thumbnail wp-image-554\" src=\"http:\/\/arci-hdf.org\/wp-content\/uploads\/2019\/08\/emile2013-150x150.jpg\" alt=\"\" width=\"150\" height=\"150\" \/> <img loading=\"lazy\" class=\"alignnone size-thumbnail wp-image-555\" src=\"http:\/\/arci-hdf.org\/wp-content\/uploads\/2019\/08\/tetes-emile-2015-150x150.jpg\" alt=\"\" width=\"150\" height=\"150\" \/> <img loading=\"lazy\" class=\"alignnone size-thumbnail wp-image-556\" src=\"http:\/\/arci-hdf.org\/wp-content\/uploads\/2019\/08\/1_EM5-150x150.jpg\" alt=\"\" width=\"150\" height=\"150\" \/> <img loading=\"lazy\" class=\"alignnone size-thumbnail wp-image-557\" src=\"http:\/\/arci-hdf.org\/wp-content\/uploads\/2019\/08\/T\u00eate-dEmile-150x150.jpg\" alt=\"\" width=\"150\" height=\"150\" srcset=\"http:\/\/arci-hdf.org\/wp-content\/uploads\/2019\/08\/T\u00eate-dEmile-150x150.jpg 150w, http:\/\/arci-hdf.org\/wp-content\/uploads\/2019\/08\/T\u00eate-dEmile-300x300.jpg 300w, http:\/\/arci-hdf.org\/wp-content\/uploads\/2019\/08\/T\u00eate-dEmile-768x768.jpg 768w, http:\/\/arci-hdf.org\/wp-content\/uploads\/2019\/08\/T\u00eate-dEmile-1024x1024.jpg 1024w, http:\/\/arci-hdf.org\/wp-content\/uploads\/2019\/08\/T\u00eate-dEmile-1080x1080.jpg 1080w, http:\/\/arci-hdf.org\/wp-content\/uploads\/2019\/08\/T\u00eate-dEmile.jpg 1772w\" sizes=\"(max-width: 150px) 100vw, 150px\" \/> <img loading=\"lazy\" class=\"alignnone size-thumbnail wp-image-558\" src=\"http:\/\/arci-hdf.org\/wp-content\/uploads\/2019\/08\/EMILE20108_EXPRESSIONS-HD-3-PNG-150x150.png\" alt=\"\" width=\"150\" height=\"150\" \/><\/p>\n","protected":false},"excerpt":{"rendered":"<p>Historique de l&rsquo;\u00e9v\u00e9nement jeune public de Cin\u00e9Ligue \u00ab\u00a0Les P&rsquo;tites Toiles d&rsquo;Emile\u00a0\u00bb &nbsp; Mais quelle est cette \u00ab bestiole poilue \u00bb ? L&rsquo;histoire d&rsquo;Emile pouvait enfin commencer. Des jeux de l&rsquo;oie, des secrets de tournage, des ateliers de d\u00e9couverte, des expositions : toutes les id\u00e9es de l&rsquo;\u00e9quipe \u00e9taient r\u00e9unies dans le but d&rsquo;offrir un \u00e9v\u00e9nement magique.&hellip; <br \/> <a class=\"button small blue\" href=\"http:\/\/arci-hdf.org\/?page_id=549\">Lire la suite<\/a><\/p>\n","protected":false},"author":1,"featured_media":0,"parent":0,"menu_order":0,"comment_status":"closed","ping_status":"closed","template":"","meta":[],"_links":{"self":[{"href":"http:\/\/arci-hdf.org\/index.php?rest_route=\/wp\/v2\/pages\/549"}],"collection":[{"href":"http:\/\/arci-hdf.org\/index.php?rest_route=\/wp\/v2\/pages"}],"about":[{"href":"http:\/\/arci-hdf.org\/index.php?rest_route=\/wp\/v2\/types\/page"}],"author":[{"embeddable":true,"href":"http:\/\/arci-hdf.org\/index.php?rest_route=\/wp\/v2\/users\/1"}],"replies":[{"embeddable":true,"href":"http:\/\/arci-hdf.org\/index.php?rest_route=%2Fwp%2Fv2%2Fcomments&post=549"}],"version-history":[{"count":3,"href":"http:\/\/arci-hdf.org\/index.php?rest_route=\/wp\/v2\/pages\/549\/revisions"}],"predecessor-version":[{"id":754,"href":"http:\/\/arci-hdf.org\/index.php?rest_route=\/wp\/v2\/pages\/549\/revisions\/754"}],"wp:attachment":[{"href":"http:\/\/arci-hdf.org\/index.php?rest_route=%2Fwp%2Fv2%2Fmedia&parent=549"}],"curies":[{"name":"wp","href":"https:\/\/api.w.org\/{rel}","templated":true}]}}