{"id":2100,"date":"2024-09-12T11:52:26","date_gmt":"2024-09-12T09:52:26","guid":{"rendered":"https:\/\/arci-hdf.org\/?page_id=2100"},"modified":"2024-09-12T12:28:36","modified_gmt":"2024-09-12T10:28:36","slug":"liste-des-ateliers-realises","status":"publish","type":"page","link":"https:\/\/arci-hdf.org\/?page_id=2100","title":{"rendered":"Liste des ateliers r\u00e9alis\u00e9s"},"content":{"rendered":"\n<h2>Ann\u00e9e 2024<\/h2>\n\n\n\n<figure class=\"wp-block-table is-style-stripes\"><table><thead><tr><th><strong>Date<\/strong><\/th><th><strong>Commune<\/strong><\/th><th><strong>Structure<\/strong><\/th><th><strong>Atelier <\/strong><\/th><\/tr><\/thead><tbody><tr><td>06\/03\/24<\/td><td>Ruisseauville<\/td><td>Association &#8211; A petit pas<\/td><td>Atelier media et fake news \u0096 Escape game<\/td><\/tr><tr><td>05\/04\/24<\/td><td>Denain<\/td><td>Lyc\u00e9e professionnel<\/td><td>3 Ateliers media et fake news \u0096 Escape game<\/td><\/tr><tr><td>11\/04\/24<\/td><td>Formerie<\/td><td>M\u00e9diath\u00e8que<\/td><td>Atelier media et fake news \u0096 Escape game<\/td><\/tr><tr><td>11\/04\/24<\/td><td>Wattrelos<\/td><td>Lyc\u00e9e Emile Zola<\/td><td>Atelier s\u00e9ries<\/td><\/tr><tr><td>04\/06\/24<\/td><td>Grandvilliers<\/td><td>Lyc\u00e9e Jules Verne<\/td><td>Atelier media et fake news \u0096 Escape game<\/td><\/tr><tr><td>05\/06\/24<\/td><td>Grandvilliers<\/td><td>Lyc\u00e9e Jules Verne<\/td><td>Atelier media et fake news \u0096 Escape game<\/td><\/tr><tr><td>03\/07\/24<\/td><td>Annoeullin<\/td><td>M\u00e9diath\u00e8que<\/td><td>Atelier citoyennet\u00e9 num\u00e9rique<\/td><\/tr><tr><td>16\/07\/24<\/td><td>Le-Nouvion-en-Thi\u00e9rache<\/td><td>M\u00e9diath\u00e8que<\/td><td>Atelier citoyennet\u00e9 num\u00e9rique<\/td><\/tr><tr><td>26\/07\/24<\/td><td>Auby<\/td><td>Centre social Pablo Picasso<\/td><td>Atelier media et fake news \u0096 Intelligence artificielle<\/td><\/tr><tr><td>30\/07\/24<\/td><td>Auby<\/td><td>Centre social Pablo Picasso<\/td><td>Atelier media et fake news \u0096 Intelligence artificielle<\/td><\/tr><tr><td>02\/08\/24<\/td><td>Auby<\/td><td>Centre social Pablo Picasso<\/td><td>Atelier media et fake news \u0096 Intelligence artificielle<\/td><\/tr><tr><td>18\/09\/24<\/td><td>Lallaing<\/td><td>M\u00e9diath\u00e8que<\/td><td>Atelier citoyennet\u00e9 num\u00e9rique<\/td><\/tr><tr><td>18\/09\/24<\/td><td>La-Capelle<\/td><td>M\u00e9diath\u00e8que<\/td><td>Atelier citoyennet\u00e9 num\u00e9rique<\/td><\/tr><tr><td>21\/09\/24<\/td><td>Templemars<\/td><td>M\u00e9diath\u00e8que<\/td><td>Atelier citoyennet\u00e9 num\u00e9rique<\/td><\/tr><tr><td>14\/02 &#8211; 16\/02 &#8211; 21\/02 &#8211; 13\/03 &#8211; 20\/03 &#8211; 27\/03<\/td><td>Lille<\/td><td>Lyc\u00e9e F\u00e9n\u00e9lon<\/td><td>Atelier media et fake news \u0096 atelier de r\u00e9alisation<\/td><\/tr><\/tbody><\/table><\/figure>\n\n\n\n<h2>Ann\u00e9es pr\u00e9c\u00e9dentes :<\/h2>\n\n\n\n<p><strong>Ateliers m\u00e9dias et fake news : <\/strong><\/p>\n\n\n\n<p>&#8211;&gt; 15\/11\/2023 &#8211; Lille (59) (Lyc\u00e9e F\u00e9n\u00e9lon) &#8211; Temps scolaire<\/p>\n\n\n\n<p>&#8211;&gt; 13\/12\/2023 &#8211; Marquise (62) (Club Ado) &#8211; Hors temps scolaire<\/p>\n\n\n\n<p>&#8211;&gt; 20\/12\/2023 &#8211; Lomme (59) (Coll\u00e8ge Jean Jaur\u00e8s) &#8211; 4 ateliers &#8211; temps scolaire<\/p>\n\n\n\n<p>-&gt; 24\/07\/2023 &#8211; Rexpo\u00ebde (59) (ALSH) &#8211; hors temps scolaire<\/p>\n\n\n\n<p>&#8211;&gt; 06\/12\/2023 &#8211; Laversines (60) (Club Ado) &#8211; hors temps scolaire<\/p>\n\n\n\n<p>&#8211;&gt; 10 mai 2023 \u00e0 Cambrai (59) : deux ateliers Traqueur d&rsquo;infox<\/p>\n\n\n\n<p>&#8211;&gt; 28 f\u00e9vrier 2023 au Coll\u00e8ge Albert Schweitzer de La Bass\u00e9e (59) : deux ateliers Traqueur d&rsquo;infox<\/p>\n\n\n\n<p>&#8211;&gt; 22 f\u00e9vrier 2023 au Ph\u00e9nix d&rsquo;Outreau (62) : atelier Traqueur d&rsquo;infox<\/p>\n\n\n\n<p>&#8211;&gt; 15 f\u00e9vrier 2023 \u00e0 la m\u00e9diath\u00e8que du Nouvion-en-Thi\u00e9rache (02) : atelier Traqueur d&rsquo;infox<\/p>\n\n\n\n<p>&#8211;&gt; 10 f\u00e9vrier 2023 au lyc\u00e9e L\u00e9ger de Coudekerque-Branche (59) : deux ateliers Traqueur d&rsquo;infox<\/p>\n\n\n\n<p>&#8211;&gt; 1er f\u00e9vrier 2023 \u00e0 la m\u00e9diath\u00e8que de La Capelle (02) : atelier Traqueur d&rsquo;infox<\/p>\n\n\n\n<p>&#8211;&gt; 11 juin 2022 \u00e0 la m\u00e9diath\u00e8que de Sequedin (59) : atelier Traqueur d&rsquo;infox<\/p>\n\n\n\n<p>&#8211;&gt; 8 juin 2022 \u00e0 la m\u00e9diath\u00e8que de Le Cateau (59) : atelier Traqueur d&rsquo;infox<\/p>\n\n\n\n<p>&#8211;&gt; 1er juin 2022 \u00e0 la m\u00e9diath\u00e8que de Watten (59) : atelier Traqueur d&rsquo;infox<\/p>\n\n\n\n<p>&#8211;&gt; 21 mai 2022 \u00e0 la m\u00e9diath\u00e8que d&rsquo;Anzin (59) : atelier Traqueur d&rsquo;infox<\/p>\n\n\n\n<p>&#8211;&gt; 18 mai 2022 \u00e0 la m\u00e9diath\u00e8que de Lambres-l\u00e8s-Douai (59) : atelier Traqueur d&rsquo;infox<\/p>\n\n\n\n<p>&#8211;&gt; 11 mai 2022 \u00e0 la m\u00e9diath\u00e8que de Croix du bac (60) : deux ateliers Traqueur d&rsquo;infox<\/p>\n\n\n\n<p>&#8211;&gt; 7 mai 2022 \u00e0 la m\u00e9diath\u00e8que de Landrecies (59) : atelier Traqueur d&rsquo;infox<\/p>\n\n\n\n<p>&#8211;&gt; 22 avril 2022 \u00e0 la mairie de Feuqui\u00e8res (60) : atelier Traqueur d&rsquo;infox<\/p>\n\n\n\n<p>&#8211;&gt; 25 Mars 2022 au coll\u00e8ge Jean Moulin de Formerie (60) : deux ateliers Traqueur d&rsquo;infox<\/p>\n\n\n\n<p>&#8211;&gt; 08 f\u00e9vrier 2022 au club ado de Bailleul-sur-Th\u00e9rain (60) : deux ateliers Traqueur d&rsquo;infox<\/p>\n\n\n\n<p>&#8211;&gt; 29 janvier 2022 \u00e0 la m\u00e9diath\u00e8que de Bailleul-sur-Th\u00e9rain (60) : deux ateliers Traqueur d&rsquo;infox<\/p>\n\n\n\n<p>&#8211;&gt; 20\/21\/22 juillet 2021 au CAJ de Rouvroy (62) : Atelier Traqueur d&rsquo;infox et r\u00e9alisation d&rsquo;un journal de fake news<\/p>\n\n\n\n<p>&#8211;&gt; 29 juillet 2021 \u00e0 la biblioth\u00e8que de Grandvilliers (60) : Atelier Traqueur d&rsquo;infox<\/p>\n\n\n\n<p>&#8211;&gt; 25\/26\/28 octobre 2021 \u00e0 la m\u00e9diath\u00e8que de Wingles (62) : Atelier de r\u00e9alisation de fake news<\/p>\n\n\n\n<p>&#8211;&gt; 02\/03\/04 novembre 2021 \u00e0 la maison des habitants de Croisilles (62) : Ateliers de r\u00e9alisation de fake news avec restitution sur grand \u00e9cran lors du festival cin\u00e9ma de la commune !<\/p>\n\n\n\n<p>&#8211;&gt; 20 novembre 2021 \u00e0 la biblioth\u00e8que de Bailleul-sur-Th\u00e9rain (60) : Ateliers Traqueur d&rsquo;infox<\/p>\n\n\n\n<p>&#8211;&gt; 1er d\u00e9cembre 2021 \u00e0 la m\u00e9diath\u00e8que de Le-Nouvion-en-Thi\u00e9rache (02) : Atelier Traqueur d&rsquo;infox<\/p>\n\n\n\n<p>&#8211;&gt; 29 janvier 2022 \u00e0 la m\u00e9diath\u00e8que Beno\u00eete Goult de Bailleul-sur-Th\u00e9rain (60) : Ateliers Traqueur d&rsquo;infox<\/p>\n\n\n\n<p>&#8211;&gt;&nbsp;8 f\u00e9vrier 2022 au club ado de Bailleul-sur-Th\u00e9rain (60) : Ateliers Traqueur d&rsquo;infox<\/p>\n\n\n\n<p>&#8211;&gt; 25 mars 2022 au coll\u00e8ge Jean Moulin de Formerie (60) : Ateliers Traqueur d&rsquo;infox<\/p>\n\n\n\n<p>&#8211;&gt; 22 avril 2022 au club ado de Feuqui\u00e8res (60) : Atelier traqueur d&rsquo;infox<\/p>\n\n\n\n<p>&#8211;&gt; 7 mai 2022 \u00e0 la m\u00e9diath\u00e8que de Landrecies (59) :&nbsp;Ateliers Traqueur d&rsquo;infox<\/p>\n\n\n\n<p>&#8211;&gt; 11 mai 2022&nbsp;\u00e0 la m\u00e9diath\u00e8que de Croix-du-bac (59) :&nbsp;Ateliers Traqueur d&rsquo;infox<\/p>\n\n\n\n<p>&#8211;&gt; 18 mai 2022 \u00e0 la m\u00e9diath\u00e8que de Lambres-lez-Douai (59) :&nbsp;Ateliers Traqueur d&rsquo;infox<\/p>\n\n\n\n<p>&#8211;&gt; 21 mai 2022&nbsp;\u00e0 la m\u00e9diath\u00e8que de Anzin (59) :&nbsp;Ateliers Traqueur d&rsquo;infox<\/p>\n\n\n\n<p>&#8211;&gt; 1er juin 2022 \u00e0 la m\u00e9diath\u00e8que de Watten (59) :&nbsp;Ateliers Traqueur d&rsquo;infox<\/p>\n\n\n\n<p>&#8211;&gt; 8 juin 2022&nbsp;\u00e0 la m\u00e9diath\u00e8que de Le Cateau (59) :&nbsp;Ateliers Traqueur d&rsquo;infox<\/p>\n\n\n\n<p>&#8211;&gt; 11 juin 2022&nbsp;\u00e0 la m\u00e9diath\u00e8que de Sequedin (59) :&nbsp;Ateliers Traqueur d&rsquo;infox<\/p>\n\n\n\n<p><strong>Ateliers r\u00e9alit\u00e9 virtuelle :<\/strong><\/p>\n\n\n\n<p>\u2013&gt; 12\/07\/2023 \u2013 Bruilles-les-Marchiennes (59) \u2013 M\u00e9diath\u00e8que<\/p>\n\n\n\n<p>\u2013&gt; 12\/09\/2023 \u2013 Sin-le-Noble (59) \u2013 Centre social<\/p>\n\n\n\n<p>\u2013&gt; 24\/06\/2023 \u2013 Landrethun-le-Nord (62) \u2013 Journ\u00e9e Festi\u2019familles : Stand de l\u2019ARCI \u2013 pr\u00e9sentation des ateliers et d\u00e9monstration r\u00e9alit\u00e9 virtuelle<\/p>\n\n\n\n<p>\u2013&gt; 26\/04\/2023 \u2013 Bresles (60) \u2013 deux ateliers pour la m\u00e9diath\u00e8que<\/p>\n\n\n\n<p>\u2013&gt; 16\/02\/2023 \u2013 Marquises (62) \u2013 deux ateliers pour la commune<\/p>\n\n\n\n<p>\u2013&gt; 19\/11\/2022 \u2013 Socx (59) \u2013 Association Socx Loisirs<\/p>\n\n\n\n<p><strong>Ateliers autour de la citoyennet\u00e9 num\u00e9rique :<\/strong><\/p>\n\n\n\n<p>\u2013&gt; 11\/10\/23 deux ateliers au lyc\u00e9e professionnel Saint-Luc de Cambrai (59)<\/p>\n\n\n\n<p>\u2013&gt; 06\/04\/23 deux ateliers \u00e0 la m\u00e9diath\u00e8que de Liancourt (60)<\/p>\n\n\n\n<p>\u2013&gt; 07\/04\/23 deux ateliers \u00e0 la m\u00e9diath\u00e8que de Ribecourt-Dreslincourt (60)<\/p>\n\n\n\n<p>\u2013&gt; 19\/10\/22 au P\u00f4le enfance de Feuqui\u00e8res-en-Vimeu (80)<\/p>\n\n\n\n<p>\u2013&gt; 28\/07\/21 au club ados (Espace Verlaine) de Bresles (60)<\/p>\n\n\n\n<p>\u2013&gt; 11\/04\/22 au centre de loisirs de la ville de Wasquehal (59)<\/p>\n\n\n\n<p><strong>Ateliers jeux vid\u00e9o<\/strong> :<\/p>\n\n\n\n<p>\u2013&gt; 22\/11\/2023 \u2013 Cambrai (59) (Lyc\u00e9e professionnel Saint-Luc) \u2013 2 ateliers \u2013 temps scolaire<\/p>\n\n\n\n<p>-&gt; 13\/07\/2023 \u2013 Coudekerque-Branche (59) (Centre de loisirs) \u2013 hors temps scolaire<\/p>\n\n\n\n<p>\u2013&gt; 03\/08\/2023 \u2013 Rexpo\u00ebde (59) (ALSH) \u2013 hors temps scolaire<\/p>\n\n\n\n<p>\u2013&gt; 17\/08\/2023 \u2013 Coudekerque-Branche (59) (Centre de loisirs) \u2013 hors temps scolaire<\/p>\n\n\n\n<p>\u2013&gt; 17\/08\/2023 \u2013&nbsp;Estr\u00e9es-Saint-Denis (60) (Salle des f\u00eates) \u2013 hors temps scolaire<\/p>\n\n\n\n<p>\u2013&gt; 15\/12\/2022 \u2013 Tourcoing (59) (Coll\u00e8ge Pierre Mend\u00e8s-France) \u2013 temps scolaire<\/p>\n\n\n\n<p>\u2013&gt; 16\/03\/2023 \u2013 Lille (59) (Maison folie Lille Moulins) \u2013 hors temps scolaire<\/p>\n\n\n\n<p>\u2013&gt; 19\/06\/2023 \u2013 Tourcoing (59) (Coll\u00e8ge Pierre Mend\u00e8s-France) \u2013 temps scolaire<\/p>\n\n\n\n<p>\u2013&gt; 20\/06\/2023 \u2013 Tourcoing (59) (Coll\u00e8ge Pierre Mend\u00e8s-France) \u2013 temps scolaire<\/p>\n\n\n\n<p>\u2013&gt; 16\/12\/2022 \u2013 Coudekerque-Branche (59) (Lyc\u00e9e Ferdinand l\u00e9ger) \u2013 deux ateliers en temps scolaire<\/p>\n\n\n\n<p>\u2013&gt; 03\/03\/2023 \u2013 Coudekerque-Branche (59) (Lyc\u00e9e Ferdinand l\u00e9ger) \u2013 temps scolaire<\/p>\n\n\n\n<p>\u2013&gt; 11\/05\/2023 \u2013 Auchy-les-mines (62) (Coll\u00e8ge Cury) \u2013 deux ateliers en temps scolaire<\/p>\n\n\n\n<p>\u2013&gt; 14\/04\/2022 \u2013 Gravelines (59) (EDUKINO) \u2013 Hors temps scolaire<\/p>\n\n\n\n<p>\u2013&gt; 21\/04\/2022 \u2013 Socx (59) (Association Socx Loisirs) \u2013 Hors temps scolaire<\/p>\n\n\n\n<p>\u2013&gt; 18\/07\/2022 \u2013 Coudekerque-Branche (Centre de loisirs) \u2013 Hors temps scolaire<\/p>\n\n\n\n<p>\u2013&gt; 19\/07\/2022 \u2013 Coudekerque-Branche (Centre de loisirs) \u2013 Hors temps scolaire<\/p>\n\n\n\n<p>\u2013&gt; 03\/08\/2022 \u2013 Fauquembergues (Club ados) \u2013 Hors temps scolaire<\/p>\n\n\n\n<p>\u2013&gt; 03\/02\/2021 \u2013 B\u00e9thisy-saint-Pierre (60) (L\u2019avis des jeunes \u2013 Service culturel de la Mairie)&nbsp;\u2013 Hors temps scolaire<\/p>\n\n\n\n<p>\u2013&gt; 17\/02\/2021 \u2013 Montagny-en-Vexin (60) (M\u00e9diath\u00e8que) \u2013 Hors temps scolaire<\/p>\n\n\n\n<p>\u2013&gt; ANNUL\u00c9 \u2013 Le Nouvion-en-Thi\u00e9rache (02) (Comit\u00e9 des f\u00eates) \u2013 Hors temps scolaire<\/p>\n\n\n\n<p>\u2013&gt; 25\/02\/2021 \u2013 Bailleul-sur-Th\u00e9rain (60) (Centre de loisirs) \u2013 Hors temps scolaire<\/p>\n\n\n\n<p>\u2013&gt; 15\/04\/2021 \u2013 Rouvroy (62) (MJC) \u2013 Hors temps scolaire<\/p>\n\n\n\n<p>\u2013&gt; ANNULE \u2013 S\u00e9rifontaine (60) (Association Veni Vidi Ludi) \u2013 Hors temps scolaire<\/p>\n\n\n\n<p>\u2013&gt; ANNULE \u2013 S\u00e9rifontaine (60) (Association Veni Vidi Ludi) \u2013 Hors temps scolaire<\/p>\n\n\n\n<p>\u2013&gt; ANNULE \u2013 Le Nouvion-en-Thi\u00e9rache (02) (Comit\u00e9 des f\u00eates) \u2013 Hors temps scolaire<\/p>\n\n\n\n<p>\u2013&gt; ANNULE \u2013 Lille (59) (Coll\u00e8ge Paul Verlaine \u2013 Lille Sud) \u2013 Temps scolaire<\/p>\n\n\n\n<p>\u2013&gt; ANNULE \u2013 Lille (59) (Coll\u00e8ge Paul Verlaine \u2013 Lille Sud) \u2013 Temps scolaire<\/p>\n\n\n\n<p>\u2013&gt; 22\/05\/2021 \u2013 Marquise (62) (Centre de loisirs) \u2013 Hors temps scolaire<\/p>\n\n\n\n<p>\u2013&gt; 02\/06\/2021 \u2013 Le Nouvion-en-Thi\u00e9rache (02) (Comit\u00e9 des f\u00eates) \u2013 Hors temps scolaire<\/p>\n\n\n\n<p>\u2013&gt; 16\/06\/2021 \u2013 Albert (80) (Salle du jeu de paume) \u2013 Hors temps scolaire<\/p>\n\n\n\n<p>\u2013&gt; 23\/06\/2021 \u2013 Sainghin-en-Weppes (59) (M\u00e9diath\u00e8que d\u00e9partementale) \u2013 Hors temps scolaire<\/p>\n\n\n\n<p>\u2013&gt; ANNULE \u2013 Lille (59) (Lille sud \u2013 Coll\u00e8ge Verlaine) \u2013 Temps scolaire<\/p>\n\n\n\n<p>\u2013&gt; 30\/06\/2021 \u2013 Frelinghien (59) (M\u00e9diath\u00e8que d\u00e9partementale) \u2013 Hors temps scolaire<\/p>\n\n\n\n<p>\u2013&gt; 19\/07\/2021 \u2013 Coudekerque-Branche (59) (Studio jeunesse) \u2013 Hors temps scolaire<\/p>\n\n\n\n<p>\u2013&gt; 23\/07\/2021 \u2013 Coudekerque-Branche (59) (Studio jeunesse) \u2013 Hors temps scolaire<\/p>\n\n\n\n<p>\u2013&gt; 26\/07\/2021 \u2013 Godewaersvelde (59) (Centre de loisirs) \u2013 Hors temps scolaire<\/p>\n\n\n\n<p>\u2013&gt; 26\/07\/2021 \u2013 Godewaersvelde (59) (Centre de loisirs) \u2013 Hors temps scolaire<\/p>\n\n\n\n<p>\u2013&gt; 27\/07\/2021 \u2013 Coudekerque-Branche (59) (Service enfance) \u2013 Hors temps scolaire<\/p>\n\n\n\n<p>\u2013&gt; 06\/10\/2021 \u2013 Lambres-lez-Douai (59) (M\u00e9diath\u00e8que d\u00e9partementale) \u2013 Hors temps scolaire<\/p>\n\n\n\n<p>\u2013&gt; 20\/10\/2021 \u2013 Feignies (59) (M\u00e9diath\u00e8que d\u00e9partementale) \u2013 Hors temps scolaire<\/p>\n\n\n\n<p>\u2013&gt; 27\/10\/2021 \u2013 Godewaersvelde&nbsp;(59) (M\u00e9diath\u00e8que d\u00e9partementale) \u2013 Hors temps scolaire<\/p>\n\n\n\n<p>\u2013&gt; 05\/11\/2021 \u2013 Escautpont (59) (M\u00e9diath\u00e8que d\u00e9partementale) \u2013 Hors temps scolaire<\/p>\n\n\n\n<p>\u2013&gt; 10\/11\/2021 \u2013 Iwuy&nbsp;(59) (M\u00e9diath\u00e8que d\u00e9partementale) \u2013 Hors temps scolaire<\/p>\n\n\n\n<p>\u2013&gt; 20\/02\/2020 \u2013 Croisilles (62) (CMJ) \u2013 Hors temps scolaire<\/p>\n\n\n\n<p>\u2013&gt; ANNULE \u2013 Steenvoorde (59) (Centre de loisirs) \u2013 Hors temps scolaire<\/p>\n\n\n\n<p>\u2013&gt; ANNULE \u2013 Rexpo\u00ebde (59) (M\u00e9diath\u00e8que) \u2013 Hors temps scolaire<\/p>\n\n\n\n<p>\u2013&gt; 15\/07\/2020 \u2013 R\u00e9ty (62) (Club ados) \u2013 Hors temps scolaire<\/p>\n\n\n\n<p>\u2013&gt; 16\/07\/2020 \u2013 Aulnoye-Aymeries (59) \u2013 (Centre social et culturel municipal La Florentine) \u2013 Hors temps scolaire<\/p>\n\n\n\n<p>\u2013&gt; 22\/07\/2020 \u2013 Bierne (59) (Centre de loisirs) \u2013 Hors temps scolaire<\/p>\n\n\n\n<p>\u2013&gt; 06\/08\/2020 \u2013 Socx (59) (Centre de loisirs) \u2013 Hors temps scolaire<\/p>\n\n\n\n<p>\u2013&gt; 12\/08\/2020 \u2013 Rexpo\u00ebde (59) (M\u00e9diath\u00e8que et centre social) \u2013 Hors temps scolaire<\/p>\n\n\n\n<p>\u2013&gt; 19\/08\/2020 \u2013 Rexpo\u00ebde (59) (M\u00e9diath\u00e8que et centre social) \u2013 Hors temps scolaire<\/p>\n\n\n\n<p>\u2013&gt; ANNUL\u00c9- Annoeullin (59) (M\u00e9diath\u00e8que) \u2013 Hors temps scolaire<\/p>\n\n\n\n<p>\u2013&gt; 19\/10\/2020 \u2013 Hondschoote (59) (Centre de loisirs) \u2013 Hors temps scolaire<\/p>\n\n\n\n<p>\u2013&gt; 23\/10\/2020 \u2013 Breteuil-sur-Noye (60) (Centre socio-culturel Michel Jubert) \u2013 Hors temps scolaire<\/p>\n\n\n\n<p>\u2013&gt; 29\/10\/2020 \u2013 Bailleul-sur-Therain (60) (Accueil de loisirs adolescents \u2013 Club House) \u2013 Hors temps scolaire<\/p>\n\n\n\n<p>\u2013&gt; 30\/10\/2020 \u2013&nbsp;Courcelles-les-lens (62) (Association OSCEALE) \u2013 Hors temps scolaire<\/p>\n\n\n\n<p>\u2013&gt; 09\/12\/2020 \u2013 Auchy-les-Mines (62) (CAJ) \u2013 Hors temps scolaire<\/p>\n\n\n\n<p>\u2013&gt; 16\/12\/2020 \u2013&nbsp;Berthecourt (60)&nbsp;(Centre de loisirs) \u2013 Hors temps scolaire<\/p>\n\n\n\n<p>\u2013&gt; 19\/12\/2019 \u2013 Auxi-le-Ch\u00e2teau (62) \u2013 Scolaire<\/p>\n\n\n\n<p><strong>Ateliers autour des s\u00e9ries :<\/strong><\/p>\n\n\n\n<p>-&gt; 17\/08\/2023 \u2013 Saint-Amand-les-eaux (59) \u2013 Hors temps scolaire<\/p>\n\n\n\n<p>\u2013&gt; Entre le 16\/06\/2023 et le 22\/06\/2023 \u2013 La Bass\u00e9e (59) (Coll\u00e8ge Albert Schweitzer) \u2013 neuf ateliers en temps scolaire<\/p>\n\n\n\n<p>\u2013&gt; 30\/01\/2023 \u2013 Breteuil (60) \u2013 Temps scolaire<\/p>\n\n\n\n<p>\u2013&gt; 09\/12\/2022 \u2013 Breteuil (60) \u2013 Temps scolaire<\/p>\n\n\n\n<p>\u2013&gt; 26\/10\/2022 \u2013 Gravelines (59) (MECS) \u2013 Hors temps scolaire<\/p>\n\n\n\n<p>\u2013&gt; 26\/10\/2022 \u2013 Roquetoire (62) (Centre de loisirs) \u2013 Hors temps scolaire<\/p>\n\n\n\n<p>\u2013&gt; 11\/07\/2022 \u2013 Acheux-en-Ami\u00e9nois (80) (Centre de loisirs) \u2013 Hors temps scolaire<\/p>\n\n\n\n<p>\u2013&gt; 26\/07\/2022 \u2013 Miraumont (80) (Gite du vieux moulin) \u2013 2 ateliers hors temps scolaire<\/p>\n\n\n\n<p>\u2013&gt; 11\/08\/2022 \u2013 Authie (80) (Centre de loisirs) \u2013 Hors temps scolaire<\/p>\n\n\n\n<p>\u2013&gt; ANNULE Outreau (62) (Service jeunesse de la Mairie) \u2013 Hors temps scolaire<\/p>\n\n\n\n<p>\u2013&gt; 18\/03\/2021 \u2013 Roye (80) (Coll\u00e8ge Jeanne d\u2019Arc) \u2013 Temps scolaire<\/p>\n\n\n\n<p>\u2013&gt; Du 19\/03\/2021 au 25\/03\/2021 \u2013 Cr\u00e9vecoeur-le-grand (60) (Coll\u00e8ge Jehan le Fr\u00e9ron) \u2013 10 ateliers en temps scolaire<\/p>\n\n\n\n<p>\u2013&gt; ANNULE S\u00e9rifontaine (60) (Centre de loisirs) \u2013 Hors temps scolaire<\/p>\n\n\n\n<p>\u2013&gt; 07\/04\/2021 \u2013 Rantigny (60) (Biblioth\u00e8que municipale) \u2013 Hors temps scolaire<\/p>\n\n\n\n<p>\u2013&gt; 27\/05\/2021 \u2013 Roye (80) (Coll\u00e8ge Jeanne d\u2019Arc) \u2013 Temps scolaire<\/p>\n\n\n\n<p>\u2013&gt; 09\/06\/2021 \u2013 Le Nouvion-en-Thi\u00e9rache (02) (Comit\u00e9 des f\u00eates) \u2013 Hors temps scolaire<\/p>\n\n\n\n<p>\u2013&gt; 10\/06\/2021 \u2013&nbsp;Roye (80) (Coll\u00e8ge Jeanne d\u2019Arc) \u2013 Temps scolaire<\/p>\n\n\n\n<p>\u2013&gt; 16\/06\/2021 \u2013 Albert (80) (Salle du jeu de paume) \u2013 Hors temps scolaire<\/p>\n\n\n\n<p>\u2013&gt; 19\/07\/2021 \u2013 Godewaersvelde (59) (Centre de loisirs) \u2013 Hors temps scolaire<\/p>\n\n\n\n<p>\u2013&gt; 19\/07\/2021 \u2013 Godewaersvelde (59) (Centre de loisirs) \u2013 Hors temps scolaire<\/p>\n\n\n\n<p>\u2013&gt; 26\/02\/2020 \u2013 Loos (59) (Espace culturel La Fileuse) \u2013 Hors temps scolaire<\/p>\n\n\n\n<p>\u2013&gt; ANNULE \u00e0 Rantigny (60)<\/p>\n\n\n\n<p>\u2013&gt; ANNULE \u00e0 Outreau (62)<\/p>\n\n\n\n<p>\u2013&gt; ANNULE \u00e0 Socx (59)<\/p>\n\n\n\n<p>\u2013&gt; ANNULE \u00e0 Denain (59)<\/p>\n\n\n\n<p>\u2013&gt; 03\/06\/2020 \u2013 Marquise (62) (Club ados) \u2013 Hors temps scolaire<\/p>\n\n\n\n<p>\u2013&gt; 20\/07\/2020 \u2013 Breteuil (60) (Centre social) \u2013 Hors temps scolaire<\/p>\n\n\n\n<p>\u2013&gt; 20\/07\/2020 \u2013 Breteuil (60) (Centre social) \u2013 Hors temps scolaire<\/p>\n\n\n\n<p>\u2013&gt; 22\/07\/2020 \u2013 Grandvilliers (60) (Centre social) \u2013 Hors temps scolaire<\/p>\n\n\n\n<p>\u2013&gt; 24\/07\/2020 \u2013 Aulnoye-Aymeries (59) (Centre social et culturel municipal La Florentine)<\/p>\n\n\n\n<p>\u2013&gt; 29\/07\/2020 \u2013 Socx (59) (Centre de loisirs) \u2013 Hors temps scolaire<\/p>\n\n\n\n<p>\u2013&gt; 03\/08\/2020 \u2013 Hondschoote (59) (Centre de loisirs) \u2013 Hors temps scolaire<\/p>\n\n\n\n<p>\u2013&gt; 18\/08\/2020 \u2013 Bierne (59) (Centre de loisirs) \u2013 Hors temps scolaire<\/p>\n\n\n\n<p>\u2013&gt; 14\/10\/2020 \u2013 Denain (59) (Th\u00e9\u00e2tre municipal) \u2013 Hors temps scolaire<\/p>\n\n\n\n<p>\u2013&gt; 23\/10\/2020 \u2013 Courcelles-les-Lens (59) (Association OSCEALE) \u2013 Hors temps scolaire<\/p>\n\n\n\n<p>\u2013&gt; 26\/10\/2020 \u2013 Etr\u00e9-au-pont (02)&nbsp;(M\u00e9diath\u00e8que) \u2013 Hors temps scolaire<\/p>\n\n\n\n<p>\u2013&gt; 27\/10\/2020 \u2013 Braine (02) (Centre de loisirs) \u2013 Hors temps scolaire<\/p>\n\n\n\n<p>\u2013&gt; 18\/04\/2019 \u2013 Rexpo\u00ebde (59) (M\u00e9diath\u00e8que) \u2013 Hors temps scolaire<\/p>\n\n\n\n<p>\u2013&gt; 19\/06\/2019 \u2013 Annoeullin (59) (M\u00e9diath\u00e8que) \u2013 Hors temps scolaire<\/p>\n\n\n\n<p>\u2013&gt; 25\/06\/2019 \u2013 Bonneuil-les-eaux (60) (Ecole primaire) \u2013 Temps scolaire<\/p>\n\n\n\n<p>\u2013&gt; 29\/06\/2019 \u2013 Croisilles (62) (Club ados \u2013 Le cube) \u2013 Hors temps scolaire<\/p>\n\n\n\n<p>\u2013&gt; 17\/07\/2019 \u2013 R\u00e9ty (62) (Club ados) \u2013 Hors temps scolaire<\/p>\n\n\n\n<p>\u2013&gt; 28\/10\/2019 \u2013 Monampteuil (02) (Ferme de Monampteuil) \u2013 Hors temps scolaire<\/p>\n\n\n\n<p>\u2013&gt; 30\/10\/2019 \u2013 Vieux-Berquin (59) (M\u00e9diath\u00e8que La serpentine) \u2013 Hors temps scolaire<\/p>\n\n\n\n<p>\u2013&gt; 27\/11\/2019 \u2013 Auchy-les-mines (62)&nbsp;(Club ados) \u2013 Hors temps scolaire<\/p>\n\n\n\n<p><\/p>\n","protected":false},"excerpt":{"rendered":"<p>Ann\u00e9e 2024 Date Commune Structure Atelier 06\/03\/24 Ruisseauville Association &#8211; A petit pas Atelier media et fake news \u0096 Escape game 05\/04\/24 Denain Lyc\u00e9e professionnel 3 Ateliers media et fake news \u0096 Escape game 11\/04\/24 Formerie M\u00e9diath\u00e8que Atelier media et fake news \u0096 Escape game 11\/04\/24 Wattrelos Lyc\u00e9e Emile Zola Atelier s\u00e9ries 04\/06\/24 Grandvilliers Lyc\u00e9e&hellip; <br \/> <a class=\"button small blue\" href=\"https:\/\/arci-hdf.org\/?page_id=2100\">Lire la suite<\/a><\/p>\n","protected":false},"author":1,"featured_media":0,"parent":0,"menu_order":0,"comment_status":"closed","ping_status":"closed","template":"","meta":[],"_links":{"self":[{"href":"https:\/\/arci-hdf.org\/index.php?rest_route=\/wp\/v2\/pages\/2100"}],"collection":[{"href":"https:\/\/arci-hdf.org\/index.php?rest_route=\/wp\/v2\/pages"}],"about":[{"href":"https:\/\/arci-hdf.org\/index.php?rest_route=\/wp\/v2\/types\/page"}],"author":[{"embeddable":true,"href":"https:\/\/arci-hdf.org\/index.php?rest_route=\/wp\/v2\/users\/1"}],"replies":[{"embeddable":true,"href":"https:\/\/arci-hdf.org\/index.php?rest_route=%2Fwp%2Fv2%2Fcomments&post=2100"}],"version-history":[{"count":4,"href":"https:\/\/arci-hdf.org\/index.php?rest_route=\/wp\/v2\/pages\/2100\/revisions"}],"predecessor-version":[{"id":2127,"href":"https:\/\/arci-hdf.org\/index.php?rest_route=\/wp\/v2\/pages\/2100\/revisions\/2127"}],"wp:attachment":[{"href":"https:\/\/arci-hdf.org\/index.php?rest_route=%2Fwp%2Fv2%2Fmedia&parent=2100"}],"curies":[{"name":"wp","href":"https:\/\/api.w.org\/{rel}","templated":true}]}}